{"id":207,"date":"2022-02-22T21:39:32","date_gmt":"2022-02-22T21:39:32","guid":{"rendered":"https:\/\/staging.robvq.qc.ca\/gdep\/?page_id=207"},"modified":"2022-12-09T15:01:17","modified_gmt":"2022-12-09T15:01:17","slug":"outils-dintroduction-a-la-gdep","status":"publish","type":"page","link":"https:\/\/robvq.qc.ca\/gdep\/outils-dintroduction-a-la-gdep\/","title":{"rendered":"Outils d&rsquo;introduction \u00e0 la GDEP"},"content":{"rendered":"<p>[et_pb_section fb_built=\u00a0\u00bb1&Prime; module_class=\u00a0\u00bbsection-title-h1&Prime; _builder_version=\u00a0\u00bb4.16&Prime; global_colors_info=\u00a0\u00bb{}\u00a0\u00bb][et_pb_row _builder_version=\u00a0\u00bb4.16&Prime; global_colors_info=\u00a0\u00bb{}\u00a0\u00bb][et_pb_column type=\u00a0\u00bb4_4&Prime; _builder_version=\u00a0\u00bb4.16&Prime; global_colors_info=\u00a0\u00bb{}\u00a0\u00bb][et_pb_text admin_label=\u00a0\u00bbTitre H1&Prime; _builder_version=\u00a0\u00bb4.16&Prime; global_colors_info=\u00a0\u00bb{}\u00a0\u00bb]<\/p>\n<h1>Outils d&rsquo;introduction \u00e0 la GDEP en contexte de changements climatiques<\/h1>\n<p>[\/et_pb_text][\/et_pb_column][\/et_pb_row][\/et_pb_section][et_pb_section fb_built=\u00a0\u00bb1&Prime; module_class=\u00a0\u00bb section-h1-with-image\u00a0\u00bb _builder_version=\u00a0\u00bb4.16&Prime; global_colors_info=\u00a0\u00bb{}\u00a0\u00bb][et_pb_row column_structure=\u00a0\u00bb1_2,1_2&Prime; _builder_version=\u00a0\u00bb4.16&Prime; global_colors_info=\u00a0\u00bb{}\u00a0\u00bb][et_pb_column type=\u00a0\u00bb1_2&Prime; _builder_version=\u00a0\u00bb4.16&Prime; global_colors_info=\u00a0\u00bb{}\u00a0\u00bb][et_pb_image src=\u00a0\u00bbhttps:\/\/robvq.qc.ca\/gdep\/wp-content\/uploads\/2022\/02\/outils_1.jpeg\u00a0\u00bb _builder_version=\u00a0\u00bb4.16&Prime; global_colors_info=\u00a0\u00bb{}\u00a0\u00bb][\/et_pb_image][et_pb_text admin_label=\u00a0\u00bbCr\u00e9dit Photo\u00a0\u00bb module_class=\u00a0\u00bbimage-caption\u00a0\u00bb _builder_version=\u00a0\u00bb4.16&Prime; _module_preset=\u00a0\u00bbdefault\u00a0\u00bb global_colors_info=\u00a0\u00bb{}\u00a0\u00bb]<\/p>\n<p>Cr\u00e9dit photo: adwo-stock.adobe.com<\/p>\n<p>[\/et_pb_text][\/et_pb_column][et_pb_column type=\u00a0\u00bb1_2&Prime; _builder_version=\u00a0\u00bb4.16&Prime; global_colors_info=\u00a0\u00bb{}\u00a0\u00bb][et_pb_text admin_label=\u00a0\u00bbBloc de texte &#8211; outils d&rsquo;introduction\u00a0\u00bb _builder_version=\u00a0\u00bb4.16&Prime; global_colors_info=\u00a0\u00bb{}\u00a0\u00bb]<\/p>\n<p><strong>Cette cat\u00e9gorie d\u2019outils a pour objectif de lancer ou d&rsquo;approfondir la r\u00e9flexion sur la n\u00e9cessit\u00e9 d\u2019implanter des pratiques de GDEP sur votre territoire.<\/strong><\/p>\n<p>Les outils qui s\u2019y trouvent vous permettront d\u2019abord d\u2019\u00e9valuer la vuln\u00e9rabilit\u00e9 de votre localit\u00e9 aux changements climatiques et de cibler les secteurs prioritaires, puis de comprendre de quelle mani\u00e8re la GDEP peut \u00eatre utilis\u00e9e comme strat\u00e9gie d\u2019adaptation \u00e0 ces al\u00e9as.<\/p>\n<p>En consultant ces outils, vous serez en mesure de d\u00e9velopper un argumentaire rigoureux justifiant l\u2019implantation de mesures de GDEP dans votre municipalit\u00e9.<\/p>\n<p>[\/et_pb_text][\/et_pb_column][\/et_pb_row][et_pb_row _builder_version=\u00a0\u00bb4.16&Prime; custom_css_main_element=\u00a0\u00bbpadding-bottom:0;||padding-top:0;\u00a0\u00bb global_colors_info=\u00a0\u00bb{}\u00a0\u00bb][et_pb_column type=\u00a0\u00bb4_4&Prime; _builder_version=\u00a0\u00bb4.16&Prime; global_colors_info=\u00a0\u00bb{}\u00a0\u00bb][et_pb_text _builder_version=\u00a0\u00bb4.16&Prime; global_colors_info=\u00a0\u00bb{}\u00a0\u00bb]<\/p>\n<p>Les outils d&rsquo;introduction ont \u00e9t\u00e9 regroup\u00e9s en cinq th\u00e9matiques:<\/p>\n<p>[\/et_pb_text][\/et_pb_column][\/et_pb_row][et_pb_row column_structure=\u00a0\u00bb1_2,1_2&Prime; _builder_version=\u00a0\u00bb4.16&Prime; custom_css_main_element=\u00a0\u00bbpadding-top:0;\u00a0\u00bb global_colors_info=\u00a0\u00bb{}\u00a0\u00bb][et_pb_column type=\u00a0\u00bb1_2&Prime; _builder_version=\u00a0\u00bb4.16&Prime; global_colors_info=\u00a0\u00bb{}\u00a0\u00bb][et_pb_blurb title=\u00a0\u00bbPortrait et projections climatiques au Qu\u00e9bec\u00a0\u00bb use_icon=\u00a0\u00bbon\u00a0\u00bb font_icon=\u00a0\u00bb&#xe00f;||divi||400&Prime; icon_placement=\u00a0\u00bbleft\u00a0\u00bb admin_label=\u00a0\u00bbPortrait et projections\u00a0\u00bb module_class=\u00a0\u00bbblock-icon-left\u00a0\u00bb _builder_version=\u00a0\u00bb4.16&Prime; link_option_url=\u00a0\u00bb#portrait\u00a0\u00bb global_colors_info=\u00a0\u00bb{}\u00a0\u00bb][\/et_pb_blurb][et_pb_blurb title=\u00a0\u00bbVuln\u00e9rabilit\u00e9 aux changements climatiques \u00e0 l&rsquo;\u00e9chelle locale\u00a0\u00bb use_icon=\u00a0\u00bbon\u00a0\u00bb font_icon=\u00a0\u00bb&#xe01d;||divi||400&Prime; icon_placement=\u00a0\u00bbleft\u00a0\u00bb admin_label=\u00a0\u00bbVulnerabilit\u00e9\u00a0\u00bb module_class=\u00a0\u00bbblock-icon-left\u00a0\u00bb _builder_version=\u00a0\u00bb4.16&Prime; link_option_url=\u00a0\u00bb#vulnerabilite\u00a0\u00bb global_colors_info=\u00a0\u00bb{}\u00a0\u00bb][\/et_pb_blurb][et_pb_blurb title=\u00a0\u00bbOutils de priorisation \u00e0 l&rsquo;\u00e9chelle d&rsquo;une municipalit\u00e9 : l&rsquo;exemple de l&rsquo;OBV Matap\u00e9dia-Restigouche\u00a0\u00bb use_icon=\u00a0\u00bbon\u00a0\u00bb font_icon=\u00a0\u00bb&#xe01c;||divi||400&Prime; icon_placement=\u00a0\u00bbleft\u00a0\u00bb admin_label=\u00a0\u00bbOutils de priorisation\u00a0\u00bb module_class=\u00a0\u00bbblock-icon-left\u00a0\u00bb _builder_version=\u00a0\u00bb4.16&Prime; link_option_url=\u00a0\u00bb#priorisation\u00a0\u00bb global_colors_info=\u00a0\u00bb{}\u00a0\u00bb][\/et_pb_blurb][\/et_pb_column][et_pb_column type=\u00a0\u00bb1_2&Prime; _builder_version=\u00a0\u00bb4.16&Prime; global_colors_info=\u00a0\u00bb{}\u00a0\u00bb][et_pb_blurb title=\u00a0\u00bbOuvrages g\u00e9n\u00e9ralistes sur la GDEP au Qu\u00e9bec\u00a0\u00bb use_icon=\u00a0\u00bbon\u00a0\u00bb font_icon=\u00a0\u00bb&#xe022;||divi||400&Prime; icon_placement=\u00a0\u00bbleft\u00a0\u00bb admin_label=\u00a0\u00bbOuvrages\u00a0\u00bb module_class=\u00a0\u00bbblock-icon-left\u00a0\u00bb _builder_version=\u00a0\u00bb4.16&Prime; link_option_url=\u00a0\u00bb#ouvrages\u00a0\u00bb global_colors_info=\u00a0\u00bb{}\u00a0\u00bb][\/et_pb_blurb][et_pb_blurb title=\u00a0\u00bbLa GDEP et son utilit\u00e9 en contexte de changement climatique\u00a0\u00bb use_icon=\u00a0\u00bbon\u00a0\u00bb font_icon=\u00a0\u00bb&#xe038;||divi||400&Prime; icon_placement=\u00a0\u00bbleft\u00a0\u00bb admin_label=\u00a0\u00bbUtilit\u00e9\u00a0\u00bb module_class=\u00a0\u00bbblock-icon-left\u00a0\u00bb _builder_version=\u00a0\u00bb4.16&Prime; link_option_url=\u00a0\u00bb#utilite\u00a0\u00bb global_colors_info=\u00a0\u00bb{}\u00a0\u00bb][\/et_pb_blurb][\/et_pb_column][\/et_pb_row][\/et_pb_section][et_pb_section fb_built=\u00a0\u00bb1&Prime; module_id=\u00a0\u00bbportrait\u00a0\u00bb module_class=\u00a0\u00bbsection-title-h2&Prime; _builder_version=\u00a0\u00bb4.16&Prime; global_colors_info=\u00a0\u00bb{}\u00a0\u00bb][et_pb_row _builder_version=\u00a0\u00bb4.16&Prime; global_colors_info=\u00a0\u00bb{}\u00a0\u00bb][et_pb_column type=\u00a0\u00bb4_4&Prime; _builder_version=\u00a0\u00bb4.16&Prime; global_colors_info=\u00a0\u00bb{}\u00a0\u00bb][et_pb_text admin_label=\u00a0\u00bbTitre H2 &#8211; Portrait et projections climatiques au Qu\u00e9bec\u00a0\u00bb _builder_version=\u00a0\u00bb4.16&Prime; global_colors_info=\u00a0\u00bb{}\u00a0\u00bb]<\/p>\n<h2>Portraits et projections climatiques au Qu\u00e9bec<\/h2>\n<p>[\/et_pb_text][\/et_pb_column][\/et_pb_row][\/et_pb_section][et_pb_section fb_built=\u00a0\u00bb1&Prime; module_class=\u00a0\u00bbsection-with-bg\u00a0\u00bb _builder_version=\u00a0\u00bb4.16&Prime; global_colors_info=\u00a0\u00bb{}\u00a0\u00bb][et_pb_row _builder_version=\u00a0\u00bb4.16&Prime; global_colors_info=\u00a0\u00bb{}\u00a0\u00bb][et_pb_column type=\u00a0\u00bb4_4&Prime; _builder_version=\u00a0\u00bb4.16&Prime; global_colors_info=\u00a0\u00bb{}\u00a0\u00bb][et_pb_text admin_label=\u00a0\u00bboutil &#8211; Synth\u00e8se des connaissances sur les changements climatiques au Qu\u00e9bec\u00a0\u00bb module_class=\u00a0\u00bbtool\u00a0\u00bb _builder_version=\u00a0\u00bb4.17.6&Prime; global_colors_info=\u00a0\u00bb{}\u00a0\u00bb]<\/p>\n<p class=\"tool-title\">Synth\u00e8se des connaissances sur les changements climatiques au Qu\u00e9bec<\/p>\n<p class=\"tool-type\"><i class=\"fa-light fa-file-pdf\"><\/i>PDF (415 pages)<\/p>\n<p class=\"tool-source\">Ouranos (2015) | Liza Leclerc, Robert Siron, Travis Logan et H\u00e9l\u00e8ne C\u00f4t\u00e9<\/p>\n<p class=\"tool-description\">Cette synth\u00e8se est le r\u00e9sultat d\u2019une collaboration r\u00e9unissant le travail de plusieurs experts issus de domaines scientifiques vari\u00e9s. Il s\u2019agit de la r\u00e9f\u00e9rence au Qu\u00e9bec en ce qui concerne l\u2019\u00e9volution du climat et les impacts qui en d\u00e9coulent. Son contenu est divis\u00e9 en trois parties : 1) \u00e9volution climatique du Qu\u00e9bec, 2) vuln\u00e9rabilit\u00e9, impacts et adaptation aux changements climatiques et 3) vers la mise en \u0153uvre de l\u2019adaptation. <strong>\u00c0 consulter : Partie 2 &#8211; Vuln\u00e9rabilit\u00e9s, impacts et adaptation aux changements climatiques. Section 2.5.1 Gestion de l&rsquo;eau (page 133).<\/strong><\/p>\n<p><a href=\"https:\/\/ouranos.ca\/wp-content\/uploads\/SyntheseRapportfinal.pdf\" target=\"_blank\" rel=\"noopener\">Consulter<\/a><\/p>\n<p>[\/et_pb_text][et_pb_text admin_label=\u00a0\u00bboutil &#8211; Rapport sur les perspectives r\u00e9gionales\u00a0\u00bb module_class=\u00a0\u00bbtool\u00a0\u00bb _builder_version=\u00a0\u00bb4.18.0&Prime; global_colors_info=\u00a0\u00bb{}\u00a0\u00bb]<\/p>\n<p class=\"tool-title\">Chapitre qu\u00e9b\u00e9cois du rapport sur les Perspectives r\u00e9gionales<\/p>\n<p class=\"tool-type\"><i class=\"fa-light fa-desktop\"><\/i>Site web\/cartographie<\/p>\n<p class=\"tool-source\">Ouranos et Gouvernement du Canada (2022) | Alberti-Dufort, A., Bourduas Crouhen, V., Demers-Bouffard, D., Hennigs, R., Legault, S., Cunningham, J., Larriv\u00e9e, C. et Ouranos<\/p>\n<p class=\"tool-description\">Le deuxi\u00e8me chapitre du rapport sur les Perspectives r\u00e9gionales, produit par le gouvernement du Canada, pr\u00e9sente les nouvelles connaissances acquises depuis 2015 sur les impacts des changements climatiques au Qu\u00e9bec, le tout dans une perspective d&rsquo;adaptation \u00e0 ces al\u00e9as. Le contenu du chapitre fait suite \u00e0 la Synth\u00e8se des connaissances sur les changements climatiques au Qu\u00e9bec, publi\u00e9e par le consortium Ouranos. <\/p>\n<p><a href=\"https:\/\/changingclimate.ca\/regional-perspectives\/fr\/chapitre\/2-0\/\" target=\"_blank\" rel=\"noopener\">Consulter<\/a><\/p>\n<p>[\/et_pb_text][et_pb_text admin_label=\u00a0\u00bboutil &#8211; Atlas hydroclimatique du Qu\u00e9bec m\u00e9ridionnal\u00a0\u00bb module_class=\u00a0\u00bbtool\u00a0\u00bb _builder_version=\u00a0\u00bb4.18.0&Prime; global_colors_info=\u00a0\u00bb{}\u00a0\u00bb]<\/p>\n<p class=\"tool-title\">Atlas hydroclimatique du Qu\u00e9bec m\u00e9ridional<\/p>\n<p class=\"tool-type\"><i class=\"fa-light fa-desktop\"><\/i>Site web\/cartographie<\/p>\n<p class=\"tool-source\">MELCC (2022)<\/p>\n<p class=\"tool-description\">L\u2019Atlas hydroclimatique est un outil cartographique interactif qui d\u00e9crit le r\u00e9gime hydrique actuel et futur du Qu\u00e9bec m\u00e9ridional. Cet outil vous permet de visualiser les projections pour les crues printani\u00e8res, estivales et automnales, en plus des \u00e9tiages hivernaux et estivaux sur plusieurs horizons de temps.<\/p>\n<p><a href=\"https:\/\/www.cehq.gouv.qc.ca\/atlas-hydroclimatique\/index.htm\" target=\"_blank\" rel=\"noopener\">Consulter<\/a><\/p>\n<p>[\/et_pb_text][et_pb_text admin_label=\u00a0\u00bboutil &#8211; DonneesClimatique.ca\u00a0\u00bb module_class=\u00a0\u00bbtool\u00a0\u00bb _builder_version=\u00a0\u00bb4.17.6&Prime; global_colors_info=\u00a0\u00bb{}\u00a0\u00bb]<\/p>\n<p class=\"tool-title\">Portail DonneesClimatiques.ca<\/p>\n<p class=\"tool-type\"><i class=\"fa-light fa-desktop\"><\/i>Site web\/cartographie<\/p>\n<p class=\"tool-source\">Environnement et Changement Climatique Canada, le Centre de Recherche Informatique de Montr\u00e9al (CRIM), Ouranos, le Pacific Climate Impacts Consortium (PCIC), le Centre climatique des Prairies (CCP) et HabitatSeve (2022)<\/p>\n<p class=\"tool-description\">Donneesclimatiques.ca est un portail de partage de donn\u00e9es en ligne qui contient les jeux de donn\u00e9es les plus r\u00e9cents concernant l&rsquo;\u00e9volution du climat au Canada. Le portail permet d&rsquo;acc\u00e9der \u00e0 ces donn\u00e9es, de les visualiser et de les analyser, le tout dans une perspective d&rsquo;adaptation aux changements climatiques.<\/p>\n<p><a href=\"https:\/\/donneesclimatiques.ca\/\" target=\"_blank\" rel=\"noopener\">Consulter<\/a><\/p>\n<p>[\/et_pb_text][\/et_pb_column][\/et_pb_row][\/et_pb_section][et_pb_section fb_built=\u00a0\u00bb1&Prime; module_id=\u00a0\u00bbvulnerabilite\u00a0\u00bb module_class=\u00a0\u00bbsection-title-h2&Prime; _builder_version=\u00a0\u00bb4.16&Prime; global_colors_info=\u00a0\u00bb{}\u00a0\u00bb][et_pb_row _builder_version=\u00a0\u00bb4.16&Prime; global_colors_info=\u00a0\u00bb{}\u00a0\u00bb][et_pb_column type=\u00a0\u00bb4_4&Prime; _builder_version=\u00a0\u00bb4.16&Prime; global_colors_info=\u00a0\u00bb{}\u00a0\u00bb][et_pb_text admin_label=\u00a0\u00bbTitre H2 &#8211; Vuln\u00e9rabilit\u00e9 aux changements climatiques \u00e0 l&rsquo;\u00e9chelle locale\u00a0\u00bb _builder_version=\u00a0\u00bb4.16&Prime; global_colors_info=\u00a0\u00bb{}\u00a0\u00bb]<\/p>\n<h2>Vuln\u00e9rabilit\u00e9 aux changements climatiques \u00e0 l&rsquo;\u00e9chelle locale<\/h2>\n<p>[\/et_pb_text][\/et_pb_column][\/et_pb_row][\/et_pb_section][et_pb_section fb_built=\u00a0\u00bb1&Prime; module_class=\u00a0\u00bbsection-with-bg\u00a0\u00bb _builder_version=\u00a0\u00bb4.16&Prime; global_colors_info=\u00a0\u00bb{}\u00a0\u00bb][et_pb_row _builder_version=\u00a0\u00bb4.16&Prime; global_colors_info=\u00a0\u00bb{}\u00a0\u00bb][et_pb_column type=\u00a0\u00bb4_4&Prime; _builder_version=\u00a0\u00bb4.16&Prime; global_colors_info=\u00a0\u00bb{}\u00a0\u00bb][et_pb_text admin_label=\u00a0\u00bboutil &#8211; Webinaire : Vuln\u00e9rabilit\u00e9 de la population qu\u00e9b\u00e9coise aux al\u00e9as climatiques\u00a0\u00bb module_class=\u00a0\u00bbtool\u00a0\u00bb _builder_version=\u00a0\u00bb4.16&Prime; global_colors_info=\u00a0\u00bb{}\u00a0\u00bb]<\/p>\n<p class=\"tool-title\">Webinaire : Vuln\u00e9rabilit\u00e9 de la population qu\u00e9b\u00e9coise aux al\u00e9as climatiques<\/p>\n<p class=\"tool-type\"><i class=\"fa-light fa-file-video\"><\/i>Vid\u00e9o (00:41)<\/p>\n<p class=\"tool-source\">OBV du Qu\u00e9bec, Universit\u00e9 Laval (2019) | Nathalie Barrette<\/p>\n<p class=\"tool-description\">Nathalie Barrette, professeure titulaire \u00e0 la Facult\u00e9 de foresterie, de g\u00e9ographie et de g\u00e9omatique de l&rsquo;Universit\u00e9 Laval, pr\u00e9sente le projet de l&rsquo;atlas interactif de la vuln\u00e9rabilit\u00e9 de la population qu\u00e9b\u00e9coise aux al\u00e9as climatiques. Ce projet de recherche a pour objet d\u2019\u00e9tude la distribution g\u00e9ographique de la vuln\u00e9rabilit\u00e9 de la population qu\u00e9b\u00e9coise aux vagues de chaleur et aux al\u00e9as hydrom\u00e9t\u00e9orologiques.<\/p>\n<p><a href=\"https:\/\/www.youtube.com\/watch?v=zHObyA82Jk0&amp;t=2s\" target=\"_blank\" rel=\"noopener\">Consulter<\/a>[\/et_pb_text][et_pb_text admin_label=\u00a0\u00bboutil &#8211; Atlas web de la vuln\u00e9rabilit\u00e9 de la population qu\u00e9b\u00e9coise aux al\u00e9as climatiques\u00a0\u00bb module_class=\u00a0\u00bbtool\u00a0\u00bb _builder_version=\u00a0\u00bb4.16&Prime; global_colors_info=\u00a0\u00bb{}\u00a0\u00bb]<\/p>\n<p class=\"tool-title\">Atlas web de la vuln\u00e9rabilit\u00e9 de la population qu\u00e9b\u00e9coise aux al\u00e9as climatiques<\/p>\n<p class=\"tool-type\"><i class=\"fa-light fa-desktop\"><\/i>Site web \/ cartographie<\/p>\n<p class=\"tool-source\">Universit\u00e9 Laval, Ouranos et INSPQ (2018) | Nathalie Barrette, Marie-H\u00e9l\u00e8ne Vandersmissen, Francis Roy<\/p>\n<p class=\"tool-description\">L&rsquo;atlas de vuln\u00e9rabilit\u00e9 est un outil cartographique interactif en ligne qui illustre la distribution g\u00e9ographique de la vuln\u00e9rabilit\u00e9 de la population qu\u00e9b\u00e9coise aux changements climatiques. Cet outil vous permet de s\u00e9lectionner un quartier sp\u00e9cifique afin de conna\u00eetre sa sensibilit\u00e9 et sa capacit\u00e9 d&rsquo;adaptation aux al\u00e9as hydrom\u00e9t\u00e9orologiques. L&rsquo;atlas est le r\u00e9sultat d&rsquo;un projet de recherche men\u00e9 par l&rsquo;Universit\u00e9 Laval en collaboration avec le consortium Ouranos et l&rsquo;Institut national de sant\u00e9 publique du Qu\u00e9bec.<\/p>\n<p><a href=\"https:\/\/atlas-vulnerabilite.ulaval.ca\/\" target=\"_blank\" rel=\"noopener\">Consulter<\/a><\/p>\n<p>[\/et_pb_text][et_pb_text admin_label=\u00a0\u00bboutil &#8211; \u00c9valuation des vuln\u00e9rabilit\u00e9s des usages associ\u00e9s \u00e0 l&rsquo;eau aux changements climatiques\u00a0\u00bb module_class=\u00a0\u00bbtool\u00a0\u00bb _builder_version=\u00a0\u00bb4.16&Prime; global_colors_info=\u00a0\u00bb{}\u00a0\u00bb]<\/p>\n<p class=\"tool-title\">\u00c9valuation des vuln\u00e9rabilit\u00e9s des usages associ\u00e9s \u00e0 l&rsquo;eau aux changements climatiques<\/p>\n<p class=\"tool-type\"><i class=\"fa-light fa-file-pdf\"><\/i>PDF (19 pages)<\/p>\n<p class=\"tool-source\">ROBVQ (2018)<\/p>\n<p class=\"tool-description\">Ce guide m\u00e9thodologique d\u2019\u00e9valuation des vuln\u00e9rabilit\u00e9s a pour objectif d\u2019aider les intervenants en adaptation aux changements climatiques \u00e0 \u00e9tablir un plan d\u2019action. La m\u00e9thode sugg\u00e9r\u00e9e est bas\u00e9e sur une approche par probl\u00e9matique, territoriale et participative.<\/p>\n<p><a href=\"https:\/\/robvq.qc.ca\/wp-content\/uploads\/2020\/11\/evaluation_vulnerabilite.pdf\" target=\"_blank\" rel=\"noopener\">Consulter<\/a><\/p>\n<p>[\/et_pb_text][\/et_pb_column][\/et_pb_row][\/et_pb_section][et_pb_section fb_built=\u00a0\u00bb1&Prime; module_id=\u00a0\u00bbpriorisation\u00a0\u00bb module_class=\u00a0\u00bbsection-title-h2&Prime; _builder_version=\u00a0\u00bb4.16&Prime; global_colors_info=\u00a0\u00bb{}\u00a0\u00bb][et_pb_row _builder_version=\u00a0\u00bb4.16&Prime; global_colors_info=\u00a0\u00bb{}\u00a0\u00bb][et_pb_column type=\u00a0\u00bb4_4&Prime; _builder_version=\u00a0\u00bb4.16&Prime; global_colors_info=\u00a0\u00bb{}\u00a0\u00bb][et_pb_text admin_label=\u00a0\u00bbTitre H2 &#8211; Outils de priorisation \u00e0 l&rsquo;\u00e9chelle d&rsquo;une municipalit\u00e9 : l&rsquo;exemple de l&rsquo;OBV Matap\u00e9dia-Restigouche\u00a0\u00bb _builder_version=\u00a0\u00bb4.16&Prime; global_colors_info=\u00a0\u00bb{}\u00a0\u00bb]<\/p>\n<h2>Outils de priorisation \u00e0 l&rsquo;\u00e9chelle d&rsquo;une municipalit\u00e9 : l&rsquo;exemple de l&rsquo;OBV Matap\u00e9dia-Restigouche<\/h2>\n<p>[\/et_pb_text][\/et_pb_column][\/et_pb_row][\/et_pb_section][et_pb_section fb_built=\u00a0\u00bb1&Prime; module_class=\u00a0\u00bbsection-with-bg\u00a0\u00bb _builder_version=\u00a0\u00bb4.16&Prime; global_colors_info=\u00a0\u00bb{}\u00a0\u00bb][et_pb_row _builder_version=\u00a0\u00bb4.16&Prime; global_colors_info=\u00a0\u00bb{}\u00a0\u00bb][et_pb_column type=\u00a0\u00bb4_4&Prime; _builder_version=\u00a0\u00bb4.16&Prime; global_colors_info=\u00a0\u00bb{}\u00a0\u00bb][et_pb_text admin_label=\u00a0\u00bboutil &#8211; Outils de priorisation pour la gestion du ruissellement urbain : M\u00e9thode\u00a0\u00bb module_class=\u00a0\u00bbtool\u00a0\u00bb _builder_version=\u00a0\u00bb4.16&Prime; global_colors_info=\u00a0\u00bb{}\u00a0\u00bb]<\/p>\n<p class=\"tool-title\">Outils de priorisation pour la gestion du ruissellement urbain : M\u00e9thode<\/p>\n<p class=\"tool-type\"><i class=\"fa-light fa-file-pdf\"><\/i>PDF (20 pages)<\/p>\n<p class=\"tool-source\">OBVMR (2019)<\/p>\n<p class=\"tool-description\">L\u2019organisme de bassin versant Matap\u00e9dia-Restigouche (OBVMR) a r\u00e9alis\u00e9 une \u00e9tude de vuln\u00e9rabilit\u00e9 aux changements climatiques pour sept municipalit\u00e9s de son territoire de gestion. L\u2019analyse s\u2019est principalement int\u00e9ress\u00e9e \u00e0 la localisation des sources du ruissellement urbain. Ce guide s\u2019adresse aux intervenants en adaptation aux al\u00e9as climatiques qui souhaitent reproduire la m\u00e9thode employ\u00e9e par l\u2019OBVMR.<\/p>\n<p><a href=\"https:\/\/robvq.qc.ca\/gdep\/wp-content\/uploads\/2022\/03\/OBVMR_metho_2019.pdf\" target=\"_blank\" rel=\"noopener\">Consulter<\/a><\/p>\n<p>[\/et_pb_text][et_pb_text admin_label=\u00a0\u00bboutil &#8211; Outils de priorisation pour la gestion du ruissellement urbain : R\u00e9sultats\u00a0\u00bb module_class=\u00a0\u00bbtool\u00a0\u00bb _builder_version=\u00a0\u00bb4.16&Prime; global_colors_info=\u00a0\u00bb{}\u00a0\u00bb]<\/p>\n<p class=\"tool-title\">Outils de priorisation pour la gestion du ruissellement urbain : R\u00e9sultats<\/p>\n<p class=\"tool-type\"><i class=\"fa-light fa-file-pdf\"><\/i>PDF (166 pages)<\/p>\n<p class=\"tool-source\">OBVMR (2019)<\/p>\n<p class=\"tool-description\">L\u2019organisme de bassin versant Matap\u00e9dia-Restigouche (OBVMR) a r\u00e9alis\u00e9 une \u00e9tude de vuln\u00e9rabilit\u00e9 aux changements climatiques pour sept municipalit\u00e9s de son territoire de gestion. L\u2019analyse s\u2019est principalement int\u00e9ress\u00e9e \u00e0 la localisation des sources du ruissellement urbain. Le rapport pr\u00e9sente les vuln\u00e9rabilit\u00e9s identifi\u00e9es pour chacune des municipalit\u00e9s \u00e9tudi\u00e9es et propose des pistes d\u2019action. Ce document est mis \u00e0 votre disposition afin de vous permettre de reproduire la d\u00e9marche de l\u2019OBVMR.<\/p>\n<p><a href=\"https:\/\/robvq.qc.ca\/gdep\/wp-content\/uploads\/2022\/03\/OBVMR_resultats_2019.pdf\" target=\"_blank\" rel=\"noopener\">Consulter<\/a>[\/et_pb_text][et_pb_text admin_label=\u00a0\u00bboutil &#8211; Carte des bilans hydriques citoyens\u00a0\u00bb module_class=\u00a0\u00bbtool\u00a0\u00bb _builder_version=\u00a0\u00bb4.16&Prime; global_colors_info=\u00a0\u00bb{}\u00a0\u00bb]<\/p>\n<p class=\"tool-title\">Carte des bilans hydriques citoyens<\/p>\n<p class=\"tool-type\"><i class=\"fa-light fa-desktop\"><\/i>Site web \/ cartographie<\/p>\n<p class=\"tool-source\">OBVMR (s.d.)<\/p>\n<p class=\"tool-description\">Cette carte interactive d\u00e9coule de l\u2019\u00e9tude de vuln\u00e9rabilit\u00e9 et des travaux de priorisation r\u00e9alis\u00e9s par l\u2019OBVMR sur le territoire de sept municipalit\u00e9s. L&rsquo;outil permet de s\u00e9lectionner une unit\u00e9 cadastrale, puis de visualiser les superficies perm\u00e9ables et imperm\u00e9ables qui la recouvrent. L\u2019outil permet \u00e9galement d\u2019\u00e9valuer la contribution d\u2019une propri\u00e9t\u00e9 dans l\u2019apport en s\u00e9diments au r\u00e9seau hydrographique local et offre des pistes de solutions aux propri\u00e9taires pour r\u00e9duire cet impact.<\/p>\n<p><a href=\"https:\/\/www.google.com\/maps\/d\/embed?mid=1hrAlg7VIPR2XNktgQzy6I2k-dQdtjwou&amp;ll=48.40705980995727%2C-67.26086086630143&amp;z=11\" target=\"_blank\" rel=\"noopener\">Consulter<\/a><\/p>\n<p>[\/et_pb_text][\/et_pb_column][\/et_pb_row][\/et_pb_section][et_pb_section fb_built=\u00a0\u00bb1&Prime; module_id=\u00a0\u00bbouvrages\u00a0\u00bb module_class=\u00a0\u00bbsection-title-h2&Prime; _builder_version=\u00a0\u00bb4.16&Prime; global_colors_info=\u00a0\u00bb{}\u00a0\u00bb][et_pb_row _builder_version=\u00a0\u00bb4.16&Prime; global_colors_info=\u00a0\u00bb{}\u00a0\u00bb][et_pb_column type=\u00a0\u00bb4_4&Prime; _builder_version=\u00a0\u00bb4.16&Prime; global_colors_info=\u00a0\u00bb{}\u00a0\u00bb][et_pb_text admin_label=\u00a0\u00bbTitre H2 &#8211; Ouvrages g\u00e9n\u00e9ralistes sur la GDEP au Qu\u00e9bec\u00a0\u00bb _builder_version=\u00a0\u00bb4.17.3&Prime; global_colors_info=\u00a0\u00bb{}\u00a0\u00bb]<\/p>\n<h2>Ouvrages g\u00e9n\u00e9ralistes sur la GDEP au Qu\u00e9bec<\/h2>\n<p>[\/et_pb_text][\/et_pb_column][\/et_pb_row][\/et_pb_section][et_pb_section fb_built=\u00a0\u00bb1&Prime; module_class=\u00a0\u00bbsection-with-bg\u00a0\u00bb _builder_version=\u00a0\u00bb4.16&Prime; global_colors_info=\u00a0\u00bb{}\u00a0\u00bb][et_pb_row _builder_version=\u00a0\u00bb4.16&Prime; global_colors_info=\u00a0\u00bb{}\u00a0\u00bb][et_pb_column type=\u00a0\u00bb4_4&Prime; _builder_version=\u00a0\u00bb4.16&Prime; global_colors_info=\u00a0\u00bb{}\u00a0\u00bb][et_pb_text admin_label=\u00a0\u00bboutil &#8211; Gestion durable des eaux pluviales: Une d\u00e9marche holistique durable\u00a0\u00bb module_class=\u00a0\u00bbtool\u00a0\u00bb _builder_version=\u00a0\u00bb4.16&Prime; global_colors_info=\u00a0\u00bb{}\u00a0\u00bb]<\/p>\n<p class=\"tool-title\">Gestion durable des eaux pluviales: Une d\u00e9marche holistique durable<\/p>\n<p class=\"tool-type\"><i class=\"fa-light fa-file-video\"><\/i>Vid\u00e9o (01:58)<\/p>\n<p class=\"tool-source\">ROBVQ et R\u00e9seau Environnement &#8211; Financement MELCC (2020) | Pascale Rouill\u00e9 des Ateliers Ublo<\/p>\n<p class=\"tool-description\">Pourquoi et comment faire de la gestion durable des eaux pluviales \u00e0 travers le regard de diff\u00e9rentes cat\u00e9gories d\u2019acteurs telles que les municipalit\u00e9s, les porteurs de projet, les concepteurs, les organismes repr\u00e9sentant la soci\u00e9t\u00e9 civile, les citoyen(ne)s et enfin la recherche. Des cas pratiques touchant aux questions \u00e9conomiques, sociales et environnementales sont abord\u00e9s.<\/p>\n<p><a href=\"https:\/\/www.youtube.com\/watch?v=c0Ri3qfHrI4&amp;list=PL46jcKCJKJBj1p1wv6_4noHHvPL4k-NoD&amp;index=1\" target=\"_blank\" rel=\"noopener\">Consulter<\/a><\/p>\n<p>[\/et_pb_text][et_pb_text admin_label=\u00a0\u00bboutil &#8211; Guide de gestion durable des eaux pluviales : Strat\u00e9gies d&rsquo;am\u00e9nagement, princpes de conception et pratiques de gestion optimales pour les r\u00e9seaux de drainage en milieu urbain.\u00a0\u00bb module_class=\u00a0\u00bbtool\u00a0\u00bb _builder_version=\u00a0\u00bb4.16&Prime; global_colors_info=\u00a0\u00bb{}\u00a0\u00bb]<\/p>\n<p class=\"tool-title\">Guide de gestion durable des eaux pluviales : Strat\u00e9gies d\u2019am\u00e9nagement, principes de conception et pratiques de gestion optimales pour les r\u00e9seaux de drainage en milieu urbain<\/p>\n<p class=\"tool-type\"><i class=\"fa-light fa-file-pdf\"><\/i>PDF (386 pages)<\/p>\n<p class=\"tool-source\">R\u00e9seau environnement, MDDEFP, MAMROT (2014)<\/p>\n<p class=\"tool-description\">Ce document s&rsquo;adresse \u00e0 tous les intervenants impliqu\u00e9s dans la gestion et la conception des syst\u00e8mes de drainage des eaux pluviales au Qu\u00e9bec. Le guide aborde pratiquement tous les sujets li\u00e9s \u00e0 ce champ d&rsquo;expertise, ce qui en fait sans doute la r\u00e9f\u00e9rence qu\u00e9b\u00e9coise la plus compl\u00e8te \u00e0 ce jour. Les th\u00e8mes du d\u00e9veloppement territorial, de l&rsquo;\u00e9valuation quantitative du ruissellement, de la mod\u00e9lisation hydrologique, de la s\u00e9lection des pratiques de gestion optimales et de la gestion par bassin versant sont notamment abord\u00e9s.<\/p>\n<p><a href=\"https:\/\/www.environnement.gouv.qc.ca\/eau\/pluviales\/guide-gestion-eaux-pluviales.pdf\" target=\"_blank\" rel=\"noopener\">Consulter<\/a>[\/et_pb_text][et_pb_text admin_label=\u00a0\u00bboutil &#8211; La gestion durable des eaux de pluie, Guide de bonnes pratiques sur la planification territoriale et le d\u00e9veloppement durable\u00a0\u00bb module_class=\u00a0\u00bbtool\u00a0\u00bb _builder_version=\u00a0\u00bb4.16&Prime; global_colors_info=\u00a0\u00bb{}\u00a0\u00bb]<\/p>\n<p class=\"tool-title\">La gestion durable des eaux de pluie : Guide de bonnes pratiques sur la planification territoriale et le d\u00e9veloppement durable<\/p>\n<p class=\"tool-type\"><i class=\"fa-light fa-file-pdf\"><\/i>PDF (118 pages)<\/p>\n<p class=\"tool-source\">Minist\u00e8re des Affaires municipales, des R\u00e9gions et de l\u2019Occupation du territoire (MAMROT) (2010) | Isabelle Boucher<\/p>\n<p class=\"tool-description\">Ce document porte sur les pratiques de gestion durable des eaux pluviales et s\u2019adresse aux acteurs du milieu municipal et de l\u2019am\u00e9nagement du territoire. En plus de pr\u00e9senter les concepts fondamentaux de la GDEP, le guide propose une bo\u00eete \u00e0 outils qui aborde les th\u00e8mes de la r\u00e9glementation et des incitatifs fiscaux et financiers qui peuvent \u00eatre utilis\u00e9s par les municipalit\u00e9s.<\/p>\n<p><a href=\"http:\/\/belsp.uqtr.ca\/id\/eprint\/1308\/1\/MARMOT_2010_Gestion_durable_eaux_pluie_P.pdf\" target=\"_blank\" rel=\"noopener\">Consulter<\/a>[\/et_pb_text][\/et_pb_column][\/et_pb_row][\/et_pb_section][et_pb_section fb_built=\u00a0\u00bb1&Prime; module_id=\u00a0\u00bbutilite\u00a0\u00bb module_class=\u00a0\u00bbsection-title-h2&Prime; _builder_version=\u00a0\u00bb4.16&Prime; global_colors_info=\u00a0\u00bb{}\u00a0\u00bb][et_pb_row _builder_version=\u00a0\u00bb4.16&Prime; global_colors_info=\u00a0\u00bb{}\u00a0\u00bb][et_pb_column type=\u00a0\u00bb4_4&Prime; _builder_version=\u00a0\u00bb4.16&Prime; global_colors_info=\u00a0\u00bb{}\u00a0\u00bb][et_pb_text admin_label=\u00a0\u00bbTitre H2 &#8211; La GDEP et son utilit\u00e9 en contexte de changement climatique\u00a0\u00bb _builder_version=\u00a0\u00bb4.16&Prime; global_colors_info=\u00a0\u00bb{}\u00a0\u00bb]<\/p>\n<h2>La GDEP et son utilit\u00e9 en contexte de changement climatique<\/h2>\n<p>[\/et_pb_text][\/et_pb_column][\/et_pb_row][\/et_pb_section][et_pb_section fb_built=\u00a0\u00bb1&Prime; module_class=\u00a0\u00bbsection-with-bg\u00a0\u00bb _builder_version=\u00a0\u00bb4.16&Prime; global_colors_info=\u00a0\u00bb{}\u00a0\u00bb][et_pb_row _builder_version=\u00a0\u00bb4.16&Prime; global_colors_info=\u00a0\u00bb{}\u00a0\u00bb][et_pb_column type=\u00a0\u00bb4_4&Prime; _builder_version=\u00a0\u00bb4.16&Prime; global_colors_info=\u00a0\u00bb{}\u00a0\u00bb][et_pb_text admin_label=\u00a0\u00bboutil &#8211; Gestion durable des eaux pluviales:Impacts et risques des changements climatiques concernant la GDEP en milieu urbain\u00a0\u00bb module_class=\u00a0\u00bbtool\u00a0\u00bb _builder_version=\u00a0\u00bb4.19.2&Prime; hover_enabled=\u00a0\u00bb0&Prime; global_colors_info=\u00a0\u00bb{}\u00a0\u00bb sticky_enabled=\u00a0\u00bb0&Prime;]<\/p>\n<p class=\"tool-title\">Gestion durable des eaux pluviales : Impacts et risques des changements climatiques concernant la GDEP en milieu urbain<\/p>\n<p class=\"tool-type\"><i class=\"fa-light fa-file-video\"><\/i>Vid\u00e9o (02:00)<\/p>\n<p class=\"tool-source\">ROBVQ et R\u00e9seau Environnement &#8211; Financement MELCC (2021) | Alain Mailhot, INRS<\/p>\n<p class=\"tool-description\">Aper\u00e7u des changements climatiques en mati\u00e8re de pr\u00e9cipitations extr\u00eames et discussion sur les impacts et les risques que ces changements climatiques auront dans le secteur de la gestion des eaux pluviales en milieu urbain. Diff\u00e9rentes approches et solutions pour r\u00e9duire ces risques sont \u00e9galement propos\u00e9es durant ce webinaire.<\/p>\n<p><a href=\"https:\/\/www.youtube.com\/watch?v=otaRwCrAKtE&amp;list=PL46jcKCJKJBj1p1wv6_4noHHvPL4k-NoD&amp;index=5\" target=\"_blank\" rel=\"noopener\">Consulter<\/a>[\/et_pb_text][et_pb_text admin_label=\u00a0\u00bboutil &#8211; La gestion des eaux pluviales pour les \u00e9lus et les directeurs municipaux &#8211; l&rsquo;Urgence d&rsquo;agir c&rsquo;est maintenant\u00a0\u00bb module_class=\u00a0\u00bbtool\u00a0\u00bb _builder_version=\u00a0\u00bb4.19.2&Prime; hover_enabled=\u00a0\u00bb0&Prime; global_colors_info=\u00a0\u00bb{}\u00a0\u00bb sticky_enabled=\u00a0\u00bb0&Prime;]<\/p>\n<p class=\"tool-title\">La gestion des eaux pluviales pour les \u00e9lus et les directeurs municipaux &#8211; l&rsquo;Urgence d&rsquo;agir c&rsquo;est maintenant<\/p>\n<p class=\"tool-type\"><i class=\"fa-light fa-file-video\"><\/i>Vid\u00e9o (09:27)<\/p>\n<p class=\"tool-source\">Ville de Candiac et CERIU (2022)| M. Alain Desjardins et Mme Celia Abbas<\/p>\n<p class=\"tool-description\">Cette vid\u00e9o s\u2019adresse aux instances municipales du Qu\u00e9bec. Elle vise \u00e0 les int\u00e9resser \u00e0 la gestion des eaux pluviales et \u00e0 l\u2019implantation d\u2019ouvrage de gestion sur leur territoire. La capsule pr\u00e9sente la d\u00e9marche que la ville de Candiac a utilis\u00e9e pour mettre en \u0153uvre ses pratiques de gestion et offre des conseils aux \u00e9lus qui souhaitent emboiter le pas.<\/p>\n<p><a href=\"https:\/\/ceriu.qc.ca\/bibliotheque\/gestion-eaux-pluviales-elus-directeurs-municipaux-urgence-agir-c-est-maintenant\" target=\"_blank\" rel=\"noopener\">Consulter<\/a>[\/et_pb_text][et_pb_text admin_label=\u00a0\u00bboutil &#8211; Le r\u00f4le des infrastructures naturelles pour la gestion des eaux de ruissellement et des crues dans un contexte d\u2019adaptation aux changements climatiques\u00a0\u00bb module_class=\u00a0\u00bbtool\u00a0\u00bb _builder_version=\u00a0\u00bb4.16&Prime; global_colors_info=\u00a0\u00bb{}\u00a0\u00bb]<\/p>\n<p class=\"tool-title\">Le r\u00f4le des infrastructures naturelles pour la gestion des eaux de ruissellement et des crues dans un contexte d\u2019adaptation aux changements climatiques<\/p>\n<p class=\"tool-type\"><i class=\"fa-light fa-file-pdf\"><\/i>PDF (6 pages)<\/p>\n<p class=\"tool-source\">Ouranos, Universit\u00e9 Laval, Universit\u00e9 du Qu\u00e9bec en Outaouais (2019) | Caroline Simard, Chlo\u00e9 L&rsquo;Ecuyer-Sauvageay, Jean-Fran\u00e7ois Bissonnette, J\u00e9r\u00f4me Dupras<\/p>\n<p class=\"tool-description\">Cette revue de litt\u00e9rature sur l\u2019adaptation aux changements climatiques par l\u2019utilisation des infrastructures naturelles a pour th\u00e8me principal la gestion des eaux de ruissellement. Plusieurs cas d\u2019implantation de pratiques de gestion exemplaires y sont pr\u00e9sent\u00e9s. Ceux-ci ont \u00e9t\u00e9 s\u00e9lectionn\u00e9s en fonction de leur rapport co\u00fbt-efficacit\u00e9, de leur r\u00e9silience et leur capacit\u00e9 \u00e0 s\u2019ins\u00e9rer dans une d\u00e9marche de d\u00e9veloppement durable.<\/p>\n<p><a href=\"https:\/\/robvq.qc.ca\/gdep\/wp-content\/uploads\/2022\/03\/Simard_al_2019.pdf\" target=\"_blank\" rel=\"noopener\">Consulter<\/a>[\/et_pb_text][\/et_pb_column][\/et_pb_row][\/et_pb_section][et_pb_section fb_built=\u00a0\u00bb1&Prime; admin_label=\u00a0\u00bbEntete footer\u00a0\u00bb module_class=\u00a0\u00bbfooter-header\u00a0\u00bb _builder_version=\u00a0\u00bb4.0.11&Prime; background_enable_color=\u00a0\u00bboff\u00a0\u00bb global_module=\u00a0\u00bb65&Prime; saved_tabs=\u00a0\u00bball\u00a0\u00bb global_colors_info=\u00a0\u00bb{}\u00a0\u00bb][et_pb_row column_structure=\u00a0\u00bb3_5,2_5&Prime; _builder_version=\u00a0\u00bb4.16&Prime; global_colors_info=\u00a0\u00bb{}\u00a0\u00bb][et_pb_column type=\u00a0\u00bb3_5&Prime; _builder_version=\u00a0\u00bb4.16&Prime; global_colors_info=\u00a0\u00bb{}\u00a0\u00bb][et_pb_text admin_label=\u00a0\u00bbLes architectes du projet\u00a0\u00bb _builder_version=\u00a0\u00bb4.16&Prime; global_colors_info=\u00a0\u00bb{}\u00a0\u00bb]<\/p>\n<h2>Les architectes du projet<\/h2>\n<p>[\/et_pb_text][\/et_pb_column][et_pb_column type=\u00a0\u00bb2_5&Prime; _builder_version=\u00a0\u00bb4.16&Prime; global_colors_info=\u00a0\u00bb{}\u00a0\u00bb][et_pb_text admin_label=\u00a0\u00bbNous contacter\u00a0\u00bb _builder_version=\u00a0\u00bb4.16&Prime; global_colors_info=\u00a0\u00bb{}\u00a0\u00bb]<\/p>\n<h2>Nous contacter<\/h2>\n<p>[\/et_pb_text][\/et_pb_column][\/et_pb_row][\/et_pb_section]<\/p>\n","protected":false},"excerpt":{"rendered":"<p>Outils d&rsquo;introduction \u00e0 la GDEP en contexte de changements climatiquesCr\u00e9dit photo: adwo-stock.adobe.comCette cat\u00e9gorie d\u2019outils a pour objectif de lancer ou d&rsquo;approfondir la r\u00e9flexion sur la n\u00e9cessit\u00e9 d\u2019implanter des pratiques de GDEP sur votre territoire. Les outils qui s\u2019y trouvent vous permettront d\u2019abord d\u2019\u00e9valuer la vuln\u00e9rabilit\u00e9 de votre localit\u00e9 aux changements climatiques et de cibler les [&hellip;]<\/p>\n","protected":false},"author":2,"featured_media":0,"parent":0,"menu_order":0,"comment_status":"closed","ping_status":"closed","template":"","meta":{"_et_pb_use_builder":"on","_et_pb_old_content":"","_et_gb_content_width":"","footnotes":""},"class_list":["post-207","page","type-page","status-publish","hentry"],"yoast_head":"<!-- This site is optimized with the Yoast SEO plugin v27.4 - https:\/\/yoast.com\/product\/yoast-seo-wordpress\/ -->\n<title>Outils d&#039;introduction \u00e0 la GDEP - GDEP - Gestion Des Eaux Pluviales<\/title>\n<meta name=\"robots\" content=\"index, follow, max-snippet:-1, max-image-preview:large, max-video-preview:-1\" \/>\n<link rel=\"canonical\" href=\"https:\/\/robvq.qc.ca\/gdep\/outils-dintroduction-a-la-gdep\/\" \/>\n<meta property=\"og:locale\" content=\"fr_FR\" \/>\n<meta property=\"og:type\" content=\"article\" \/>\n<meta property=\"og:title\" content=\"Outils d&#039;introduction \u00e0 la GDEP - GDEP - Gestion Des Eaux Pluviales\" \/>\n<meta property=\"og:description\" content=\"Outils d&#039;introduction \u00e0 la GDEP en contexte de changements climatiquesCr\u00e9dit photo: adwo-stock.adobe.comCette cat\u00e9gorie d\u2019outils a pour objectif de lancer ou d&#039;approfondir la r\u00e9flexion sur la n\u00e9cessit\u00e9 d\u2019implanter des pratiques de GDEP sur votre territoire. Les outils qui s\u2019y trouvent vous permettront d\u2019abord d\u2019\u00e9valuer la vuln\u00e9rabilit\u00e9 de votre localit\u00e9 aux changements climatiques et de cibler les [&hellip;]\" \/>\n<meta property=\"og:url\" content=\"https:\/\/robvq.qc.ca\/gdep\/outils-dintroduction-a-la-gdep\/\" \/>\n<meta property=\"og:site_name\" content=\"GDEP - Gestion Des Eaux Pluviales\" \/>\n<meta property=\"article:modified_time\" content=\"2022-12-09T15:01:17+00:00\" \/>\n<meta name=\"twitter:card\" content=\"summary_large_image\" \/>\n<meta name=\"twitter:label1\" content=\"Dur\u00e9e de lecture estim\u00e9e\" \/>\n\t<meta name=\"twitter:data1\" content=\"11 minutes\" \/>\n<script type=\"application\/ld+json\" class=\"yoast-schema-graph\">{\"@context\":\"https:\\\/\\\/schema.org\",\"@graph\":[{\"@type\":\"WebPage\",\"@id\":\"https:\\\/\\\/robvq.qc.ca\\\/gdep\\\/outils-dintroduction-a-la-gdep\\\/\",\"url\":\"https:\\\/\\\/robvq.qc.ca\\\/gdep\\\/outils-dintroduction-a-la-gdep\\\/\",\"name\":\"Outils d'introduction \u00e0 la GDEP - GDEP - Gestion Des Eaux Pluviales\",\"isPartOf\":{\"@id\":\"https:\\\/\\\/robvq.qc.ca\\\/gdep\\\/#website\"},\"datePublished\":\"2022-02-22T21:39:32+00:00\",\"dateModified\":\"2022-12-09T15:01:17+00:00\",\"breadcrumb\":{\"@id\":\"https:\\\/\\\/robvq.qc.ca\\\/gdep\\\/outils-dintroduction-a-la-gdep\\\/#breadcrumb\"},\"inLanguage\":\"fr-FR\",\"potentialAction\":[{\"@type\":\"ReadAction\",\"target\":[\"https:\\\/\\\/robvq.qc.ca\\\/gdep\\\/outils-dintroduction-a-la-gdep\\\/\"]}]},{\"@type\":\"BreadcrumbList\",\"@id\":\"https:\\\/\\\/robvq.qc.ca\\\/gdep\\\/outils-dintroduction-a-la-gdep\\\/#breadcrumb\",\"itemListElement\":[{\"@type\":\"ListItem\",\"position\":1,\"name\":\"Accueil\",\"item\":\"https:\\\/\\\/robvq.qc.ca\\\/gdep\\\/\"},{\"@type\":\"ListItem\",\"position\":2,\"name\":\"Outils d&rsquo;introduction \u00e0 la GDEP\"}]},{\"@type\":\"WebSite\",\"@id\":\"https:\\\/\\\/robvq.qc.ca\\\/gdep\\\/#website\",\"url\":\"https:\\\/\\\/robvq.qc.ca\\\/gdep\\\/\",\"name\":\"GDEP - Gestion Des Eaux Pluviales\",\"description\":\"\",\"potentialAction\":[{\"@type\":\"SearchAction\",\"target\":{\"@type\":\"EntryPoint\",\"urlTemplate\":\"https:\\\/\\\/robvq.qc.ca\\\/gdep\\\/?s={search_term_string}\"},\"query-input\":{\"@type\":\"PropertyValueSpecification\",\"valueRequired\":true,\"valueName\":\"search_term_string\"}}],\"inLanguage\":\"fr-FR\"}]}<\/script>\n<!-- \/ Yoast SEO plugin. -->","yoast_head_json":{"title":"Outils d'introduction \u00e0 la GDEP - GDEP - Gestion Des Eaux Pluviales","robots":{"index":"index","follow":"follow","max-snippet":"max-snippet:-1","max-image-preview":"max-image-preview:large","max-video-preview":"max-video-preview:-1"},"canonical":"https:\/\/robvq.qc.ca\/gdep\/outils-dintroduction-a-la-gdep\/","og_locale":"fr_FR","og_type":"article","og_title":"Outils d'introduction \u00e0 la GDEP - GDEP - Gestion Des Eaux Pluviales","og_description":"Outils d'introduction \u00e0 la GDEP en contexte de changements climatiquesCr\u00e9dit photo: adwo-stock.adobe.comCette cat\u00e9gorie d\u2019outils a pour objectif de lancer ou d'approfondir la r\u00e9flexion sur la n\u00e9cessit\u00e9 d\u2019implanter des pratiques de GDEP sur votre territoire. Les outils qui s\u2019y trouvent vous permettront d\u2019abord d\u2019\u00e9valuer la vuln\u00e9rabilit\u00e9 de votre localit\u00e9 aux changements climatiques et de cibler les [&hellip;]","og_url":"https:\/\/robvq.qc.ca\/gdep\/outils-dintroduction-a-la-gdep\/","og_site_name":"GDEP - Gestion Des Eaux Pluviales","article_modified_time":"2022-12-09T15:01:17+00:00","twitter_card":"summary_large_image","twitter_misc":{"Dur\u00e9e de lecture estim\u00e9e":"11 minutes"},"schema":{"@context":"https:\/\/schema.org","@graph":[{"@type":"WebPage","@id":"https:\/\/robvq.qc.ca\/gdep\/outils-dintroduction-a-la-gdep\/","url":"https:\/\/robvq.qc.ca\/gdep\/outils-dintroduction-a-la-gdep\/","name":"Outils d'introduction \u00e0 la GDEP - GDEP - Gestion Des Eaux Pluviales","isPartOf":{"@id":"https:\/\/robvq.qc.ca\/gdep\/#website"},"datePublished":"2022-02-22T21:39:32+00:00","dateModified":"2022-12-09T15:01:17+00:00","breadcrumb":{"@id":"https:\/\/robvq.qc.ca\/gdep\/outils-dintroduction-a-la-gdep\/#breadcrumb"},"inLanguage":"fr-FR","potentialAction":[{"@type":"ReadAction","target":["https:\/\/robvq.qc.ca\/gdep\/outils-dintroduction-a-la-gdep\/"]}]},{"@type":"BreadcrumbList","@id":"https:\/\/robvq.qc.ca\/gdep\/outils-dintroduction-a-la-gdep\/#breadcrumb","itemListElement":[{"@type":"ListItem","position":1,"name":"Accueil","item":"https:\/\/robvq.qc.ca\/gdep\/"},{"@type":"ListItem","position":2,"name":"Outils d&rsquo;introduction \u00e0 la GDEP"}]},{"@type":"WebSite","@id":"https:\/\/robvq.qc.ca\/gdep\/#website","url":"https:\/\/robvq.qc.ca\/gdep\/","name":"GDEP - Gestion Des Eaux Pluviales","description":"","potentialAction":[{"@type":"SearchAction","target":{"@type":"EntryPoint","urlTemplate":"https:\/\/robvq.qc.ca\/gdep\/?s={search_term_string}"},"query-input":{"@type":"PropertyValueSpecification","valueRequired":true,"valueName":"search_term_string"}}],"inLanguage":"fr-FR"}]}},"_links":{"self":[{"href":"https:\/\/robvq.qc.ca\/gdep\/wp-json\/wp\/v2\/pages\/207","targetHints":{"allow":["GET"]}}],"collection":[{"href":"https:\/\/robvq.qc.ca\/gdep\/wp-json\/wp\/v2\/pages"}],"about":[{"href":"https:\/\/robvq.qc.ca\/gdep\/wp-json\/wp\/v2\/types\/page"}],"author":[{"embeddable":true,"href":"https:\/\/robvq.qc.ca\/gdep\/wp-json\/wp\/v2\/users\/2"}],"replies":[{"embeddable":true,"href":"https:\/\/robvq.qc.ca\/gdep\/wp-json\/wp\/v2\/comments?post=207"}],"version-history":[{"count":41,"href":"https:\/\/robvq.qc.ca\/gdep\/wp-json\/wp\/v2\/pages\/207\/revisions"}],"predecessor-version":[{"id":1344,"href":"https:\/\/robvq.qc.ca\/gdep\/wp-json\/wp\/v2\/pages\/207\/revisions\/1344"}],"wp:attachment":[{"href":"https:\/\/robvq.qc.ca\/gdep\/wp-json\/wp\/v2\/media?parent=207"}],"curies":[{"name":"wp","href":"https:\/\/api.w.org\/{rel}","templated":true}]}}