{"id":362,"date":"2022-03-10T19:33:11","date_gmt":"2022-03-10T19:33:11","guid":{"rendered":"https:\/\/staging.robvq.qc.ca\/gdep\/?page_id=362"},"modified":"2022-05-04T20:29:17","modified_gmt":"2022-05-04T20:29:17","slug":"les-architectes-du-projet","status":"publish","type":"page","link":"https:\/\/robvq.qc.ca\/gdep\/les-architectes-du-projet\/","title":{"rendered":"Les architectes du projet"},"content":{"rendered":"<p>[et_pb_section fb_built=\u00a0\u00bb1&Prime; admin_label=\u00a0\u00bbTitre H1&Prime; module_class=\u00a0\u00bbsection-title-h1&Prime; _builder_version=\u00a0\u00bb4.16&Prime; global_colors_info=\u00a0\u00bb{}\u00a0\u00bb][et_pb_row _builder_version=\u00a0\u00bb4.16&Prime; global_colors_info=\u00a0\u00bb{}\u00a0\u00bb][et_pb_column type=\u00a0\u00bb4_4&Prime; _builder_version=\u00a0\u00bb4.16&Prime; global_colors_info=\u00a0\u00bb{}\u00a0\u00bb][et_pb_text admin_label=\u00a0\u00bbH1 &#8211; Les architectes du projet\u00a0\u00bb _builder_version=\u00a0\u00bb4.16&Prime; global_colors_info=\u00a0\u00bb{}\u00a0\u00bb]<\/p>\n<h1>Les architectes du projet<\/h1>\n<p>[\/et_pb_text][\/et_pb_column][\/et_pb_row][\/et_pb_section][et_pb_section fb_built=\u00a0\u00bb1&Prime; module_class=\u00a0\u00bbsection-h1-with-image\u00a0\u00bb _builder_version=\u00a0\u00bb4.16&Prime; global_colors_info=\u00a0\u00bb{}\u00a0\u00bb][et_pb_row column_structure=\u00a0\u00bb1_2,1_2&Prime; _builder_version=\u00a0\u00bb4.16&Prime; global_colors_info=\u00a0\u00bb{}\u00a0\u00bb][et_pb_column type=\u00a0\u00bb1_2&Prime; _builder_version=\u00a0\u00bb4.16&Prime; global_colors_info=\u00a0\u00bb{}\u00a0\u00bb][et_pb_image src=\u00a0\u00bbhttps:\/\/robvq.qc.ca\/gdep\/wp-content\/uploads\/2022\/03\/intro_architectes.jpg\u00a0\u00bb admin_label=\u00a0\u00bbimage\u00a0\u00bb _builder_version=\u00a0\u00bb4.16&Prime; global_colors_info=\u00a0\u00bb{}\u00a0\u00bb][\/et_pb_image][\/et_pb_column][et_pb_column type=\u00a0\u00bb1_2&Prime; _builder_version=\u00a0\u00bb4.16&Prime; global_colors_info=\u00a0\u00bb{}\u00a0\u00bb][et_pb_text admin_label=\u00a0\u00bbBloc de texte\u00a0\u00bb _builder_version=\u00a0\u00bb4.16&Prime; global_colors_info=\u00a0\u00bb{}\u00a0\u00bb]<\/p>\n<p><strong>Trois organisations ont particip\u00e9 au d\u00e9veloppement de ce site Web et de plusieurs des outils qu\u2019il h\u00e9berge.<\/strong><\/p>\n<p>\u00c0 titre de ma\u00eetre d\u2019\u0153uvre du projet, le <strong>Regroupement des organismes de bassins versants du Qu\u00e9bec<\/strong> a coordonn\u00e9 la r\u00e9alisation de ce site Web, de trois vid\u00e9os de projets et de la vid\u00e9o introductive du sujet. Il a \u00e9galement structur\u00e9 le contenu du site et r\u00e9dig\u00e9 l\u2019ensemble des textes. Le ROBVQ est par ailleurs l\u2019auteur principal de l\u2019autodiagnostic municipal en gestion durable des eaux pluviales et de son guide d\u2019accompagnement. L\u2019am\u00e9nagement du territoire et la pr\u00e9servation de la qualit\u00e9 de l\u2019eau sont des th\u00e8mes de premier ordre de la mission du ROBVQ.<\/p>\n<p><strong>Le minist\u00e8re de l\u2019Environnement et de la Lutte contre les changements climatiques<\/strong> est le mandant. \u00c0 ce titre, il a appuy\u00e9 financi\u00e8rement la r\u00e9alisation de ce projet. Le minist\u00e8re a, par ailleurs, particip\u00e9 \u00e0 l\u2019id\u00e9ation des capsules vid\u00e9o.<\/p>\n<p><strong>Les Ateliers Ublo<\/strong> interviennent dans ce projet comme <br \/>\u00ab partenaires-experts \u00bb pour t\u00e9moigner de leurs exp\u00e9riences d\u2019am\u00e9nagement d\u2019infrastructures de GDEP et partager leur expertise. \u00c0 ce titre, ils ont produit trois (3) fiches int\u00e9gr\u00e9es dans la section s\u2019outiller du site.<\/p>\n<p>[\/et_pb_text][\/et_pb_column][\/et_pb_row][\/et_pb_section][et_pb_section fb_built=\u00a0\u00bb1&Prime; admin_label=\u00a0\u00bbTitre H2&Prime; module_class=\u00a0\u00bbsection-title-h2&Prime; _builder_version=\u00a0\u00bb4.16&Prime; global_colors_info=\u00a0\u00bb{}\u00a0\u00bb][et_pb_row _builder_version=\u00a0\u00bb4.16&Prime; global_colors_info=\u00a0\u00bb{}\u00a0\u00bb][et_pb_column type=\u00a0\u00bb4_4&Prime; _builder_version=\u00a0\u00bb4.16&Prime; global_colors_info=\u00a0\u00bb{}\u00a0\u00bb][et_pb_text admin_label=\u00a0\u00bbH2 &#8211; ROBVQ\u00a0\u00bb _builder_version=\u00a0\u00bb4.16&Prime; global_colors_info=\u00a0\u00bb{}\u00a0\u00bb]<\/p>\n<h2>Le Regroupement des organismes de bassins versants du Qu\u00e9bec (ROBVQ)<\/h2>\n<p>[\/et_pb_text][\/et_pb_column][\/et_pb_row][\/et_pb_section][et_pb_section fb_built=\u00a0\u00bb1&Prime; module_class=\u00a0\u00bbsection-with-bg  section-with-logo\u00a0\u00bb _builder_version=\u00a0\u00bb4.16&Prime; global_colors_info=\u00a0\u00bb{}\u00a0\u00bb][et_pb_row column_structure=\u00a0\u00bb2_5,3_5&Prime; _builder_version=\u00a0\u00bb4.16&Prime; global_colors_info=\u00a0\u00bb{}\u00a0\u00bb][et_pb_column type=\u00a0\u00bb2_5&Prime; _builder_version=\u00a0\u00bb4.16&Prime; global_colors_info=\u00a0\u00bb{}\u00a0\u00bb][et_pb_image src=\u00a0\u00bbhttps:\/\/robvq.qc.ca\/gdep\/wp-content\/uploads\/2022\/03\/ROBVQ_logo_2019_coul.png\u00a0\u00bb url=\u00a0\u00bbhttp:\/\/www.robvq.qc.ca\u00a0\u00bb url_new_window=\u00a0\u00bbon\u00a0\u00bb admin_label=\u00a0\u00bblogo ROBVQ\u00a0\u00bb module_id=\u00a0\u00bblogo-robvq\u00a0\u00bb module_class=\u00a0\u00bblogo-with-border\u00a0\u00bb _builder_version=\u00a0\u00bb4.16&Prime; global_colors_info=\u00a0\u00bb{}\u00a0\u00bb][\/et_pb_image][\/et_pb_column][et_pb_column type=\u00a0\u00bb3_5&Prime; _builder_version=\u00a0\u00bb4.16&Prime; global_colors_info=\u00a0\u00bb{}\u00a0\u00bb][et_pb_text admin_label=\u00a0\u00bbTexte de pr\u00e9sentation du ROBVQ (intro)\u00a0\u00bb _builder_version=\u00a0\u00bb4.16&Prime; global_colors_info=\u00a0\u00bb{}\u00a0\u00bb]<\/p>\n<p><strong>Le ROBVQ regroupe les 40 organismes de bassins versants (OBV) du Qu\u00e9bec pour lesquels il d\u00e9veloppe de nombreux projets et services. Il est l\u2019interlocuteur privil\u00e9gi\u00e9 du gouvernement du Qu\u00e9bec en mati\u00e8re de gestion int\u00e9gr\u00e9e de l\u2019eau par bassin versant.<\/strong><\/p>\n<p>[\/et_pb_text][\/et_pb_column][\/et_pb_row][et_pb_row _builder_version=\u00a0\u00bb4.16&Prime; global_colors_info=\u00a0\u00bb{}\u00a0\u00bb][et_pb_column type=\u00a0\u00bb4_4&Prime; _builder_version=\u00a0\u00bb4.16&Prime; global_colors_info=\u00a0\u00bb{}\u00a0\u00bb][et_pb_text admin_label=\u00a0\u00bbTexte de pr\u00e9sentation du ROBVQ (suite)\u00a0\u00bb _builder_version=\u00a0\u00bb4.16&Prime; global_colors_info=\u00a0\u00bb{}\u00a0\u00bb]<\/p>\n<p><strong>Depuis 2009, il travaille \u00e0 l\u2019int\u00e9gration de la variabilit\u00e9 climatique dans les travaux des OBV et au renforcement des capacit\u00e9s de r\u00e9silience des collectivit\u00e9s.<\/strong> \u00c0 ce titre, il a assur\u00e9 la codirection de l\u2019Alliance de recherche universit\u00e9s-communaut\u00e9s sur les d\u00e9fis des communaut\u00e9s c\u00f4ti\u00e8res et riveraines (ARUC-DCC) avec l\u2019UQAR et coordonn\u00e9, entre 2017 et 2020, une communaut\u00e9 de pratique panqu\u00e9b\u00e9coise en adaptation aux changements climatiques (R\u00e9sAlliance) \u00e0 laquelle ont adh\u00e9r\u00e9 une trentaine de communaut\u00e9s.<\/p>\n<p><strong>Le ROBVQ a \u00e9galement cr\u00e9\u00e9 le R\u00e9pert\u2019eau<\/strong>, un r\u00e9pertoire de bonnes pratiques municipales en mati\u00e8re de gestion de l\u2019eau qui met en valeur des initiatives d\u2019adaptation aux changements climatiques et de gestion des eaux pluviales.<\/p>\n<p>[\/et_pb_text][et_pb_text admin_label=\u00a0\u00bbTexte fond vert ROBVQ\u00a0\u00bb module_class=\u00a0\u00bbhighlight\u00a0\u00bb _builder_version=\u00a0\u00bb4.16&Prime; global_colors_info=\u00a0\u00bb{}\u00a0\u00bb]<\/p>\n<p><strong>Il a aussi d\u00e9velopp\u00e9 l\u2019Autodiagnostic municipal en gestion durable des eaux pluviales, un outil d\u2019\u00e9valuation, de sensibilisation et d\u2019am\u00e9lioration des pratiques en gestion des eaux pluviales, destin\u00e9 \u00e0 l\u2019ensemble des intervenants municipaux.<\/strong> L\u2019Autodiagnostic est accompagn\u00e9 d\u2019un guide pr\u00e9sentant, pour chaque question, un libell\u00e9 r\u00e9glementaire type, des exemples de r\u00e8glement ou de projet d\u2019am\u00e9nagement et des exemples de meilleures pratiques.<\/p>\n<p>Le ROBVQ collabore en outre avec R\u00e9seau Environnement \u00e0 la promotion de ces deux outils via une s\u00e9rie d\u2019ateliers &#8211; Les ateliers GDEP &#8211; offerts en soutien aux municipalit\u00e9s. Il peut compter sur un vaste r\u00e9seau de partenaires issus des milieux communautaire, de la recherche et municipal.<\/p>\n<p>[\/et_pb_text][\/et_pb_column][\/et_pb_row][\/et_pb_section][et_pb_section fb_built=\u00a0\u00bb1&Prime; admin_label=\u00a0\u00bbTitre H2&Prime; module_class=\u00a0\u00bbsection-title-h2&Prime; _builder_version=\u00a0\u00bb4.16&Prime; global_colors_info=\u00a0\u00bb{}\u00a0\u00bb][et_pb_row admin_label=\u00a0\u00bbLigne\u00a0\u00bb _builder_version=\u00a0\u00bb4.16&Prime; global_colors_info=\u00a0\u00bb{}\u00a0\u00bb][et_pb_column type=\u00a0\u00bb4_4&Prime; _builder_version=\u00a0\u00bb4.16&Prime; global_colors_info=\u00a0\u00bb{}\u00a0\u00bb][et_pb_text admin_label=\u00a0\u00bbH2 &#8211; Le Minist\u00e8re de l&rsquo;Environnement et de la Lutte contre les changements climatiques\u00a0\u00bb _builder_version=\u00a0\u00bb4.16&Prime; global_colors_info=\u00a0\u00bb{}\u00a0\u00bb]<\/p>\n<h2>Le Minist\u00e8re de l&rsquo;Environnement et de la Lutte contre les changements climatiques<\/h2>\n<p>[\/et_pb_text][\/et_pb_column][\/et_pb_row][\/et_pb_section][et_pb_section fb_built=\u00a0\u00bb1&Prime; module_class=\u00a0\u00bbsection-with-bg  section-with-logo\u00a0\u00bb _builder_version=\u00a0\u00bb4.16&Prime; global_colors_info=\u00a0\u00bb{}\u00a0\u00bb][et_pb_row column_structure=\u00a0\u00bb2_5,3_5&Prime; _builder_version=\u00a0\u00bb4.16&Prime; global_colors_info=\u00a0\u00bb{}\u00a0\u00bb][et_pb_column type=\u00a0\u00bb2_5&Prime; _builder_version=\u00a0\u00bb4.16&Prime; global_colors_info=\u00a0\u00bb{}\u00a0\u00bb][et_pb_image src=\u00a0\u00bbhttps:\/\/robvq.qc.ca\/gdep\/wp-content\/uploads\/2022\/03\/PEV_Couleurs_couleurs.png\u00a0\u00bb url=\u00a0\u00bbhttps:\/\/www.environnement.gouv.qc.ca\/eau\/pluviales\/publications-references.htm\u00a0\u00bb url_new_window=\u00a0\u00bbon\u00a0\u00bb admin_label=\u00a0\u00bblogo melcc\u00a0\u00bb module_id=\u00a0\u00bblogo-melcc\u00a0\u00bb module_class=\u00a0\u00bblogo-with-border\u00a0\u00bb _builder_version=\u00a0\u00bb4.16&Prime; global_colors_info=\u00a0\u00bb{}\u00a0\u00bb][\/et_pb_image][\/et_pb_column][et_pb_column type=\u00a0\u00bb3_5&Prime; _builder_version=\u00a0\u00bb4.16&Prime; global_colors_info=\u00a0\u00bb{}\u00a0\u00bb][et_pb_text admin_label=\u00a0\u00bbTexte de pr\u00e9sentation du MELCC (intro)\u00a0\u00bb _builder_version=\u00a0\u00bb4.16&Prime; global_colors_info=\u00a0\u00bb{}\u00a0\u00bb]<\/p>\n<p><strong>Le minist\u00e8re de l\u2019Environnement et de la Lutte contre les changements climatiques (MELCC) reconnait l\u2019importance de promouvoir le d\u00e9veloppement des bonnes pratiques en gestion durable des eaux pluviales au Qu\u00e9bec, et ce dans un contexte o\u00f9 les changements climatiques accentuent les cons\u00e9quences des eaux de ruissellement sur les milieux r\u00e9cepteurs.<\/strong><\/p>\n<p>[\/et_pb_text][\/et_pb_column][\/et_pb_row][et_pb_row _builder_version=\u00a0\u00bb4.16&Prime; global_colors_info=\u00a0\u00bb{}\u00a0\u00bb][et_pb_column type=\u00a0\u00bb4_4&Prime; _builder_version=\u00a0\u00bb4.16&Prime; global_colors_info=\u00a0\u00bb{}\u00a0\u00bb][et_pb_text admin_label=\u00a0\u00bbTexte de pr\u00e9sentation du MELCC (suite)\u00a0\u00bb _builder_version=\u00a0\u00bb4.16&Prime; global_colors_info=\u00a0\u00bb{}\u00a0\u00bb]<\/p>\n<p><strong>Depuis 2011, le MELCC a publi\u00e9 des documents ou support\u00e9 financi\u00e8rement des projets ou la publication de documents visant la diffusion des connaissances en gestion durable des eaux pluviales.<\/strong> Le Minist\u00e8re a aussi \u0153uvr\u00e9 \u00e0 am\u00e9liorer l&rsquo;encadrement l\u00e9gal et r\u00e9glementaire de la gestion des eaux pluviales, ce qui s\u2019est traduit notamment par des modifications \u00e0 la Loi sur la qualit\u00e9 de l\u2019environnement (LQE), des dispositions relatives aux eaux pluviales dans le R\u00e8glement sur l\u2019encadrement d\u2019activit\u00e9s en fonction de leur impact sur l\u2019environnement et la publication du Code de conception d\u2019un syst\u00e8me de gestion des eaux pluviales admissible \u00e0 une d\u00e9claration de conformit\u00e9.\u00a0En outre, les crit\u00e8res d\u2019approbation d\u2019une demande d\u2019autorisation d\u2019un projet soumis au processus d\u2019autorisation pr\u00e9vu \u00e0 l\u2019article 22 de la LQE tiennent compte de l\u2019impact des rejets d\u2019eaux pluviales du projet sur la qualit\u00e9 des eaux, l\u2019\u00e9rosion acc\u00e9l\u00e9r\u00e9e et le risque d\u2019inondation du cours d\u2019eau r\u00e9cepteur.<\/p>\n<p>[\/et_pb_text][et_pb_text admin_label=\u00a0\u00bbTexte fond vert MELCC\u00a0\u00bb module_class=\u00a0\u00bbhighlight\u00a0\u00bb _builder_version=\u00a0\u00bb4.16&Prime; global_colors_info=\u00a0\u00bb{}\u00a0\u00bb]<\/p>\n<p><strong>Afin de soutenir l\u2019action municipale, le MELCC a mandat\u00e9 le Regroupement des organismes de bassins versant du Qu\u00e9bec (ROBVQ) pour d\u00e9velopper une plateforme Web centralisant et mettant en valeur le contenu de sensibilisation produit dans le cadre du pr\u00e9sent projet:<\/strong><\/p>\n<ul>\n<li><strong>capsules vid\u00e9o<\/strong> portant sur la gestion des eaux pluviales et l\u2019adaptation aux changements climatiques;<\/li>\n<li><strong>exemples d\u2019initiatives de gestion des eaux pluviales<\/strong> visant l\u2019adaptation aux changements climatiques;<\/li>\n<li><strong>version dynamique et automatis\u00e9e de l\u2019autodiagnostic municipal<\/strong> en gestion durable des eaux pluviales;<\/li>\n<li><strong>rep\u00e9rage et centralisation d\u2019outils de r\u00e9f\u00e9rences existants<\/strong> tels que les enregistrements des ateliers r\u00e9gionaux portant sur la gestion durable des eaux pluviales et visant \u00e0 soutenir le passage \u00e0 l\u2019action.<\/li>\n<\/ul>\n<p>Le projet rejoint les objectifs du Plan pour une \u00e9conomie verte 2030 et a \u00e9t\u00e9 financ\u00e9 par le Fonds d\u2019\u00e9lectrification et de changements climatiques.<\/p>\n<p>[\/et_pb_text][\/et_pb_column][\/et_pb_row][\/et_pb_section][et_pb_section fb_built=\u00a0\u00bb1&Prime; admin_label=\u00a0\u00bbTitre H2&Prime; module_class=\u00a0\u00bbsection-title-h2&Prime; _builder_version=\u00a0\u00bb4.16&Prime; global_colors_info=\u00a0\u00bb{}\u00a0\u00bb][et_pb_row admin_label=\u00a0\u00bbLigne\u00a0\u00bb _builder_version=\u00a0\u00bb4.16&Prime; global_colors_info=\u00a0\u00bb{}\u00a0\u00bb][et_pb_column type=\u00a0\u00bb4_4&Prime; _builder_version=\u00a0\u00bb4.16&Prime; global_colors_info=\u00a0\u00bb{}\u00a0\u00bb][et_pb_text admin_label=\u00a0\u00bbH2 &#8211; Les Ateliers Ublo \u00a0\u00bb _builder_version=\u00a0\u00bb4.17.3&Prime; hover_enabled=\u00a0\u00bb0&Prime; global_colors_info=\u00a0\u00bb{}\u00a0\u00bb sticky_enabled=\u00a0\u00bb0&Prime;]<\/p>\n<h2>Les Ateliers Ublo<\/h2>\n<p>[\/et_pb_text][\/et_pb_column][\/et_pb_row][\/et_pb_section][et_pb_section fb_built=\u00a0\u00bb1&Prime; module_class=\u00a0\u00bbsection-with-bg  section-with-logo\u00a0\u00bb _builder_version=\u00a0\u00bb4.16&Prime; global_colors_info=\u00a0\u00bb{}\u00a0\u00bb][et_pb_row column_structure=\u00a0\u00bb2_5,3_5&Prime; _builder_version=\u00a0\u00bb4.16&Prime; global_colors_info=\u00a0\u00bb{}\u00a0\u00bb][et_pb_column type=\u00a0\u00bb2_5&Prime; _builder_version=\u00a0\u00bb4.16&Prime; global_colors_info=\u00a0\u00bb{}\u00a0\u00bb][et_pb_image src=\u00a0\u00bbhttps:\/\/robvq.qc.ca\/gdep\/wp-content\/uploads\/2022\/03\/UBLO_LOGO_COUL.png\u00a0\u00bb url=\u00a0\u00bbhttps:\/\/lesateliersublo.com\/accueil\u00a0\u00bb url_new_window=\u00a0\u00bbon\u00a0\u00bb admin_label=\u00a0\u00bblogo ublo\u00a0\u00bb module_id=\u00a0\u00bblogo-ublo\u00a0\u00bb module_class=\u00a0\u00bblogo-with-border\u00a0\u00bb _builder_version=\u00a0\u00bb4.16&Prime; global_colors_info=\u00a0\u00bb{}\u00a0\u00bb][\/et_pb_image][\/et_pb_column][et_pb_column type=\u00a0\u00bb3_5&Prime; _builder_version=\u00a0\u00bb4.16&Prime; global_colors_info=\u00a0\u00bb{}\u00a0\u00bb][et_pb_text admin_label=\u00a0\u00bbTexte de pr\u00e9sentation des Ateliers Ublo (intro)\u00a0\u00bb _builder_version=\u00a0\u00bb4.17.3&Prime; global_colors_info=\u00a0\u00bb{}\u00a0\u00bb]<\/p>\n<p><strong>\u200b\u200bFirme d\u2019urbanisme, d\u2019architecture de paysage et de design urbain, Les Ateliers Ublo travaillent sur les questions d\u2019am\u00e9nagement et de (re)d\u00e9veloppement du territoire. Avec la gestion durable des eaux pluviales comme colonne vert\u00e9brale de leurs projets, ils mettent de l\u2019avant des pratiques novatrices r\u00e9pondant aux d\u00e9fis des changements climatiques. Ils ont \u00e0 c\u0153ur de d\u00e9velopper des projets durables, locaux et qui assurent la reproductibilit\u00e9 des d\u00e9marches.<\/strong><\/p>\n<p>[\/et_pb_text][\/et_pb_column][\/et_pb_row][et_pb_row _builder_version=\u00a0\u00bb4.16&Prime; global_colors_info=\u00a0\u00bb{}\u00a0\u00bb][et_pb_column type=\u00a0\u00bb4_4&Prime; _builder_version=\u00a0\u00bb4.16&Prime; global_colors_info=\u00a0\u00bb{}\u00a0\u00bb][et_pb_text admin_label=\u00a0\u00bbTexte de pr\u00e9sentation des Ateliers Ublo (suite)\u00a0\u00bb _builder_version=\u00a0\u00bb4.17.3&Prime; global_colors_info=\u00a0\u00bb{}\u00a0\u00bb]<\/p>\n<p><strong>Les Ateliers Ublo agissent aupr\u00e8s des d\u00e9veloppeurs ou re-d\u00e9veloppeurs d\u2019immeubles commerciaux, institutionnels ou r\u00e9sidentiels dans les milieux urbains et ruraux qu\u2019ils soient priv\u00e9s ou municipaux.<\/strong> Depuis 2017, ils agissent en tant qu\u2019acteurs du changement sur la question de la r\u00e9silience face aux changements climatiques et particuli\u00e8rement sur la gestion durable des eaux pluviales partout au Qu\u00e9bec dans les disciplines relatives \u00e0 l\u2019am\u00e9nagement.<\/p>\n<p><strong>Ils ont travaill\u00e9 sur plusieurs projets notables au cours des derni\u00e8res ann\u00e9es<\/strong> parmi lesquels des reconversions de stationnement, des r\u00e9habilitations environnementales (alimentation d\u2019\u00e9tangs vernaux, corridors de biodiversit\u00e9, projets pilotes d\u2019\u00e9cran anti-d\u00e9chets), de la planification environnementale, territoriale ou encore du d\u00e9veloppement -red\u00e9veloppement de quartier. Les Ateliers Ublo sont \u00e9galement membre de l\u2019Alliance Ruelles bleues-vertes, \u00e0 travers laquelle ils participent activement au projet pilote de transformation de deux ruelles en ruelles bleues-vertes.<\/p>\n<p><strong>Les Ateliers Ublo sont \u00e9galement reconnus pour leur engagement aupr\u00e8s de divers organismes sur les questions de gestion durable des eaux pluviales<\/strong> dont R\u00e9seau Environnement pour le Programme d\u2019Excellence en Gestion des Eaux Pluviales (PEX), le Conseil R\u00e9gional de l\u2019Environnement de Montr\u00e9al pour l\u2019attestation de stationnement \u00e9coresponsable ou encore le Conseil R\u00e9gional de l\u2019Environnement de la Capitale-National pour Ville \u00c9ponge.<\/p>\n<p>[\/et_pb_text][et_pb_text admin_label=\u00a0\u00bbTexte fiches Ateliers Ublo\u00a0\u00bb module_class=\u00a0\u00bbhighlight\u00a0\u00bb _builder_version=\u00a0\u00bb4.17.3&Prime; hover_enabled=\u00a0\u00bb0&Prime; global_colors_info=\u00a0\u00bb{}\u00a0\u00bb sticky_enabled=\u00a0\u00bb0&Prime;]<\/p>\n<p>Dans le cadre de la pr\u00e9sente plateforme, Les Ateliers Ublo ont r\u00e9dig\u00e9 trois articles pour partager leur expertise et exp\u00e9riences en mati\u00e8re de GDEP. Pr\u00e9sent\u00e9s sous forme de fiches, ceux-ci traitent de :<\/p>\n<ul>\n<li><a href=\"https:\/\/robvq.qc.ca\/gdep\/wp-content\/uploads\/2022\/04\/Atelier_Ublo_Fiche1.pdf\"><strong>FICHE 1<\/strong> &#8211; Les facteurs de r\u00e9ussite, les crit\u00e8res et balises d&rsquo;un projet de GDEP<\/a>;<\/li>\n<li><a href=\"https:\/\/robvq.qc.ca\/gdep\/wp-content\/uploads\/2022\/03\/Atelier_Ublo_Fiche2.pdf\" target=\"_blank\" rel=\"noopener\"><strong>FICHE 2<\/strong> &#8211; Les principaux ouvrages de gestion durable des eaux pluviales : avantages et limitations;<\/a><\/li>\n<li><a href=\"https:\/\/robvq.qc.ca\/gdep\/wp-content\/uploads\/2022\/05\/Atelier_Ublo_Fiche3.pdf\"><strong>FICHE 3<\/strong> &#8211; Innovation sociale, concertation et consultation<\/a>.<\/li>\n<\/ul>\n<p>[\/et_pb_text][\/et_pb_column][\/et_pb_row][\/et_pb_section][et_pb_section fb_built=\u00a0\u00bb1&Prime; admin_label=\u00a0\u00bbTitre H2&Prime; module_class=\u00a0\u00bbsection-title-h2&Prime; _builder_version=\u00a0\u00bb4.16&Prime; global_colors_info=\u00a0\u00bb{}\u00a0\u00bb][et_pb_row admin_label=\u00a0\u00bbLigne\u00a0\u00bb _builder_version=\u00a0\u00bb4.16&Prime; global_colors_info=\u00a0\u00bb{}\u00a0\u00bb][et_pb_column type=\u00a0\u00bb4_4&Prime; _builder_version=\u00a0\u00bb4.16&Prime; global_colors_info=\u00a0\u00bb{}\u00a0\u00bb][et_pb_text admin_label=\u00a0\u00bbH2 &#8211; Autres partenaires\u00a0\u00bb _builder_version=\u00a0\u00bb4.16&Prime; global_colors_info=\u00a0\u00bb{}\u00a0\u00bb]<\/p>\n<h2>Autres partenaires<\/h2>\n<p>[\/et_pb_text][\/et_pb_column][\/et_pb_row][\/et_pb_section][et_pb_section fb_built=\u00a0\u00bb1&Prime; module_class=\u00a0\u00bbsection-with-bg \u00a0\u00bb _builder_version=\u00a0\u00bb4.16&Prime; global_colors_info=\u00a0\u00bb{}\u00a0\u00bb][et_pb_row _builder_version=\u00a0\u00bb4.16&Prime; global_colors_info=\u00a0\u00bb{}\u00a0\u00bb][et_pb_column type=\u00a0\u00bb4_4&Prime; _builder_version=\u00a0\u00bb4.16&Prime; global_colors_info=\u00a0\u00bb{}\u00a0\u00bb][et_pb_text admin_label=\u00a0\u00bbTexte de remerciement\u00a0\u00bb _builder_version=\u00a0\u00bb4.16&Prime; global_colors_info=\u00a0\u00bb{}\u00a0\u00bb]<\/p>\n<p><strong>Le ROBVQ souhaite \u00e9galement remercier les partenaires suivants pour leur contribution \u00e0 la r\u00e9alisation des capsules vid\u00e9o:<\/strong><\/p>\n<ul>\n<li>Action Lac Waterloo<\/li>\n<li>Advisia<\/li>\n<li>Bolton-Ouest<\/li>\n<li>Brome<\/li>\n<li>Cowansville<\/li>\n<li>Dunham<\/li>\n<li>Lac-Brome<\/li>\n<li>Michel Saint-Jean, vid\u00e9aste<\/li>\n<li>MRC Brome-Missiquoi<\/li>\n<li>Municipalit\u00e9 de Victoriaville<\/li>\n<li>OBV Yamaska<\/li>\n<li>RAPPEL<\/li>\n<li>Sutton<\/li>\n<li>Ville de Waterloo<\/li>\n<li>Vinci Construction<\/li>\n<\/ul>\n<p>[\/et_pb_text][\/et_pb_column][\/et_pb_row][\/et_pb_section][et_pb_section fb_built=\u00a0\u00bb1&Prime; admin_label=\u00a0\u00bbEntete footer\u00a0\u00bb module_class=\u00a0\u00bbfooter-header\u00a0\u00bb _builder_version=\u00a0\u00bb4.0.11&Prime; background_enable_color=\u00a0\u00bboff\u00a0\u00bb global_module=\u00a0\u00bb65&Prime; saved_tabs=\u00a0\u00bball\u00a0\u00bb global_colors_info=\u00a0\u00bb{}\u00a0\u00bb][et_pb_row column_structure=\u00a0\u00bb3_5,2_5&Prime; _builder_version=\u00a0\u00bb4.16&Prime; global_colors_info=\u00a0\u00bb{}\u00a0\u00bb][et_pb_column type=\u00a0\u00bb3_5&Prime; _builder_version=\u00a0\u00bb4.16&Prime; global_colors_info=\u00a0\u00bb{}\u00a0\u00bb][et_pb_text admin_label=\u00a0\u00bbLes architectes du projet\u00a0\u00bb _builder_version=\u00a0\u00bb4.16&Prime; global_colors_info=\u00a0\u00bb{}\u00a0\u00bb]<\/p>\n<h2>Les architectes du projet<\/h2>\n<p>[\/et_pb_text][\/et_pb_column][et_pb_column type=\u00a0\u00bb2_5&Prime; _builder_version=\u00a0\u00bb4.16&Prime; global_colors_info=\u00a0\u00bb{}\u00a0\u00bb][et_pb_text admin_label=\u00a0\u00bbNous contacter\u00a0\u00bb _builder_version=\u00a0\u00bb4.16&Prime; global_colors_info=\u00a0\u00bb{}\u00a0\u00bb]<\/p>\n<h2>Nous contacter<\/h2>\n<p>[\/et_pb_text][\/et_pb_column][\/et_pb_row][\/et_pb_section]<\/p>\n","protected":false},"excerpt":{"rendered":"<p>Les architectes du projetTrois organisations ont particip\u00e9 au d\u00e9veloppement de ce site Web et de plusieurs des outils qu\u2019il h\u00e9berge. \u00c0 titre de ma\u00eetre d\u2019\u0153uvre du projet, le Regroupement des organismes de bassins versants du Qu\u00e9bec a coordonn\u00e9 la r\u00e9alisation de ce site Web, de trois vid\u00e9os de projets et de la vid\u00e9o introductive du [&hellip;]<\/p>\n","protected":false},"author":2,"featured_media":0,"parent":0,"menu_order":0,"comment_status":"closed","ping_status":"closed","template":"","meta":{"_et_pb_use_builder":"on","_et_pb_old_content":"","_et_gb_content_width":"","footnotes":""},"class_list":["post-362","page","type-page","status-publish","hentry"],"yoast_head":"<!-- This site is optimized with the Yoast SEO plugin v27.4 - https:\/\/yoast.com\/product\/yoast-seo-wordpress\/ -->\n<title>Les architectes du projet - GDEP - Gestion Des Eaux Pluviales<\/title>\n<meta name=\"robots\" content=\"index, follow, max-snippet:-1, max-image-preview:large, max-video-preview:-1\" \/>\n<link rel=\"canonical\" href=\"https:\/\/robvq.qc.ca\/gdep\/les-architectes-du-projet\/\" \/>\n<meta property=\"og:locale\" content=\"fr_FR\" \/>\n<meta property=\"og:type\" content=\"article\" \/>\n<meta property=\"og:title\" content=\"Les architectes du projet - GDEP - Gestion Des Eaux Pluviales\" \/>\n<meta property=\"og:description\" content=\"Les architectes du projetTrois organisations ont particip\u00e9 au d\u00e9veloppement de ce site Web et de plusieurs des outils qu\u2019il h\u00e9berge. \u00c0 titre de ma\u00eetre d\u2019\u0153uvre du projet, le Regroupement des organismes de bassins versants du Qu\u00e9bec a coordonn\u00e9 la r\u00e9alisation de ce site Web, de trois vid\u00e9os de projets et de la vid\u00e9o introductive du [&hellip;]\" \/>\n<meta property=\"og:url\" content=\"https:\/\/robvq.qc.ca\/gdep\/les-architectes-du-projet\/\" \/>\n<meta property=\"og:site_name\" content=\"GDEP - Gestion Des Eaux Pluviales\" \/>\n<meta property=\"article:modified_time\" content=\"2022-05-04T20:29:17+00:00\" \/>\n<meta name=\"twitter:card\" content=\"summary_large_image\" \/>\n<meta name=\"twitter:label1\" content=\"Dur\u00e9e de lecture estim\u00e9e\" \/>\n\t<meta name=\"twitter:data1\" content=\"7 minutes\" \/>\n<script type=\"application\/ld+json\" class=\"yoast-schema-graph\">{\"@context\":\"https:\\\/\\\/schema.org\",\"@graph\":[{\"@type\":\"WebPage\",\"@id\":\"https:\\\/\\\/robvq.qc.ca\\\/gdep\\\/les-architectes-du-projet\\\/\",\"url\":\"https:\\\/\\\/robvq.qc.ca\\\/gdep\\\/les-architectes-du-projet\\\/\",\"name\":\"Les architectes du projet - GDEP - Gestion Des Eaux Pluviales\",\"isPartOf\":{\"@id\":\"https:\\\/\\\/robvq.qc.ca\\\/gdep\\\/#website\"},\"datePublished\":\"2022-03-10T19:33:11+00:00\",\"dateModified\":\"2022-05-04T20:29:17+00:00\",\"breadcrumb\":{\"@id\":\"https:\\\/\\\/robvq.qc.ca\\\/gdep\\\/les-architectes-du-projet\\\/#breadcrumb\"},\"inLanguage\":\"fr-FR\",\"potentialAction\":[{\"@type\":\"ReadAction\",\"target\":[\"https:\\\/\\\/robvq.qc.ca\\\/gdep\\\/les-architectes-du-projet\\\/\"]}]},{\"@type\":\"BreadcrumbList\",\"@id\":\"https:\\\/\\\/robvq.qc.ca\\\/gdep\\\/les-architectes-du-projet\\\/#breadcrumb\",\"itemListElement\":[{\"@type\":\"ListItem\",\"position\":1,\"name\":\"Accueil\",\"item\":\"https:\\\/\\\/robvq.qc.ca\\\/gdep\\\/\"},{\"@type\":\"ListItem\",\"position\":2,\"name\":\"Les architectes du projet\"}]},{\"@type\":\"WebSite\",\"@id\":\"https:\\\/\\\/robvq.qc.ca\\\/gdep\\\/#website\",\"url\":\"https:\\\/\\\/robvq.qc.ca\\\/gdep\\\/\",\"name\":\"GDEP - Gestion Des Eaux Pluviales\",\"description\":\"\",\"potentialAction\":[{\"@type\":\"SearchAction\",\"target\":{\"@type\":\"EntryPoint\",\"urlTemplate\":\"https:\\\/\\\/robvq.qc.ca\\\/gdep\\\/?s={search_term_string}\"},\"query-input\":{\"@type\":\"PropertyValueSpecification\",\"valueRequired\":true,\"valueName\":\"search_term_string\"}}],\"inLanguage\":\"fr-FR\"}]}<\/script>\n<!-- \/ Yoast SEO plugin. -->","yoast_head_json":{"title":"Les architectes du projet - GDEP - Gestion Des Eaux Pluviales","robots":{"index":"index","follow":"follow","max-snippet":"max-snippet:-1","max-image-preview":"max-image-preview:large","max-video-preview":"max-video-preview:-1"},"canonical":"https:\/\/robvq.qc.ca\/gdep\/les-architectes-du-projet\/","og_locale":"fr_FR","og_type":"article","og_title":"Les architectes du projet - GDEP - Gestion Des Eaux Pluviales","og_description":"Les architectes du projetTrois organisations ont particip\u00e9 au d\u00e9veloppement de ce site Web et de plusieurs des outils qu\u2019il h\u00e9berge. \u00c0 titre de ma\u00eetre d\u2019\u0153uvre du projet, le Regroupement des organismes de bassins versants du Qu\u00e9bec a coordonn\u00e9 la r\u00e9alisation de ce site Web, de trois vid\u00e9os de projets et de la vid\u00e9o introductive du [&hellip;]","og_url":"https:\/\/robvq.qc.ca\/gdep\/les-architectes-du-projet\/","og_site_name":"GDEP - Gestion Des Eaux Pluviales","article_modified_time":"2022-05-04T20:29:17+00:00","twitter_card":"summary_large_image","twitter_misc":{"Dur\u00e9e de lecture estim\u00e9e":"7 minutes"},"schema":{"@context":"https:\/\/schema.org","@graph":[{"@type":"WebPage","@id":"https:\/\/robvq.qc.ca\/gdep\/les-architectes-du-projet\/","url":"https:\/\/robvq.qc.ca\/gdep\/les-architectes-du-projet\/","name":"Les architectes du projet - GDEP - Gestion Des Eaux Pluviales","isPartOf":{"@id":"https:\/\/robvq.qc.ca\/gdep\/#website"},"datePublished":"2022-03-10T19:33:11+00:00","dateModified":"2022-05-04T20:29:17+00:00","breadcrumb":{"@id":"https:\/\/robvq.qc.ca\/gdep\/les-architectes-du-projet\/#breadcrumb"},"inLanguage":"fr-FR","potentialAction":[{"@type":"ReadAction","target":["https:\/\/robvq.qc.ca\/gdep\/les-architectes-du-projet\/"]}]},{"@type":"BreadcrumbList","@id":"https:\/\/robvq.qc.ca\/gdep\/les-architectes-du-projet\/#breadcrumb","itemListElement":[{"@type":"ListItem","position":1,"name":"Accueil","item":"https:\/\/robvq.qc.ca\/gdep\/"},{"@type":"ListItem","position":2,"name":"Les architectes du projet"}]},{"@type":"WebSite","@id":"https:\/\/robvq.qc.ca\/gdep\/#website","url":"https:\/\/robvq.qc.ca\/gdep\/","name":"GDEP - Gestion Des Eaux Pluviales","description":"","potentialAction":[{"@type":"SearchAction","target":{"@type":"EntryPoint","urlTemplate":"https:\/\/robvq.qc.ca\/gdep\/?s={search_term_string}"},"query-input":{"@type":"PropertyValueSpecification","valueRequired":true,"valueName":"search_term_string"}}],"inLanguage":"fr-FR"}]}},"_links":{"self":[{"href":"https:\/\/robvq.qc.ca\/gdep\/wp-json\/wp\/v2\/pages\/362","targetHints":{"allow":["GET"]}}],"collection":[{"href":"https:\/\/robvq.qc.ca\/gdep\/wp-json\/wp\/v2\/pages"}],"about":[{"href":"https:\/\/robvq.qc.ca\/gdep\/wp-json\/wp\/v2\/types\/page"}],"author":[{"embeddable":true,"href":"https:\/\/robvq.qc.ca\/gdep\/wp-json\/wp\/v2\/users\/2"}],"replies":[{"embeddable":true,"href":"https:\/\/robvq.qc.ca\/gdep\/wp-json\/wp\/v2\/comments?post=362"}],"version-history":[{"count":35,"href":"https:\/\/robvq.qc.ca\/gdep\/wp-json\/wp\/v2\/pages\/362\/revisions"}],"predecessor-version":[{"id":1282,"href":"https:\/\/robvq.qc.ca\/gdep\/wp-json\/wp\/v2\/pages\/362\/revisions\/1282"}],"wp:attachment":[{"href":"https:\/\/robvq.qc.ca\/gdep\/wp-json\/wp\/v2\/media?parent=362"}],"curies":[{"name":"wp","href":"https:\/\/api.w.org\/{rel}","templated":true}]}}