{"id":978,"date":"2022-03-26T20:58:35","date_gmt":"2022-03-26T20:58:35","guid":{"rendered":"https:\/\/staging.robvq.qc.ca\/gdep\/?page_id=978"},"modified":"2022-03-29T17:39:01","modified_gmt":"2022-03-29T17:39:01","slug":"le-grand-projet-de-la-rue-saint-maurice","status":"publish","type":"page","link":"https:\/\/robvq.qc.ca\/gdep\/le-grand-projet-de-la-rue-saint-maurice\/","title":{"rendered":"Le grand projet de la rue Saint-Maurice"},"content":{"rendered":"<p>[et_pb_section fb_built=\u00a0\u00bb1&Prime; module_class=\u00a0\u00bbsection-title-h1&Prime; _builder_version=\u00a0\u00bb4.15&Prime; global_colors_info=\u00a0\u00bb{}\u00a0\u00bb][et_pb_row _builder_version=\u00a0\u00bb4.15&Prime; global_colors_info=\u00a0\u00bb{}\u00a0\u00bb][et_pb_column type=\u00a0\u00bb4_4&Prime; _builder_version=\u00a0\u00bb4.15&Prime; global_colors_info=\u00a0\u00bb{}\u00a0\u00bb][et_pb_text admin_label=\u00a0\u00bbTitre H1&Prime; _builder_version=\u00a0\u00bb4.15.1&Prime; global_colors_info=\u00a0\u00bb{}\u00a0\u00bb]<\/p>\n<h1>Le grand projet de la rue Saint-Maurice<\/h1>\n<p>[\/et_pb_text][\/et_pb_column][\/et_pb_row][\/et_pb_section][et_pb_section fb_built=\u00a0\u00bb1&Prime; module_class=\u00a0\u00bb section-h1-with-image\u00a0\u00bb _builder_version=\u00a0\u00bb4.15&Prime; global_colors_info=\u00a0\u00bb{}\u00a0\u00bb][et_pb_row column_structure=\u00a0\u00bb1_2,1_2&Prime; _builder_version=\u00a0\u00bb4.15&Prime; global_colors_info=\u00a0\u00bb{}\u00a0\u00bb][et_pb_column type=\u00a0\u00bb1_2&Prime; _builder_version=\u00a0\u00bb4.15&Prime; global_colors_info=\u00a0\u00bb{}\u00a0\u00bb][et_pb_video src=\u00a0\u00bbhttps:\/\/www.youtube.com\/watch?v=EQJ6seKRQjo\u00a0\u00bb image_src=\u00a0\u00bb\/\/i.ytimg.com\/vi\/EQJ6seKRQjo\/hqdefault.jpg\u00a0\u00bb thumbnail_overlay_color=\u00a0\u00bbrgba(0,0,0,0.6)\u00a0\u00bb _builder_version=\u00a0\u00bb4.15.1&Prime; global_colors_info=\u00a0\u00bb{}\u00a0\u00bb][\/et_pb_video][\/et_pb_column][et_pb_column type=\u00a0\u00bb1_2&Prime; _builder_version=\u00a0\u00bb4.15&Prime; global_colors_info=\u00a0\u00bb{}\u00a0\u00bb][et_pb_text admin_label=\u00a0\u00bble projet en r\u00e9sum\u00e9\u00a0\u00bb module_class=\u00a0\u00bbproject-intro\u00a0\u00bb _builder_version=\u00a0\u00bb4.15.1&Prime; global_colors_info=\u00a0\u00bb{}\u00a0\u00bb]<\/p>\n<h3>Description du projet<\/h3>\n<p>Le projet s&rsquo;inscrit dans une d\u00e9marche d&rsquo;adaptation aux changements climatiques et vise principalement \u00e0 diminuer la quantit\u00e9 et la vitesse de ruissellement des eaux de surfaces qui s&rsquo;\u00e9coulent vers le r\u00e9seau municipal. Celui-ci implique la r\u00e9duction de la largeur de la rue et la cr\u00e9ation d&rsquo;aires de bior\u00e9tention avec plantations de centaines d&rsquo;arbres, d&rsquo;arbustes et de vivaces.<\/p>\n<p class=\"video-delay\">Dur\u00e9e de la vid\u00e9o: 00:05:04<\/p>\n<p>Source: Ville de Trois-Rivi\u00e8res<\/p>\n<p>[\/et_pb_text][\/et_pb_column][\/et_pb_row][\/et_pb_section][et_pb_section fb_built=\u00a0\u00bb1&Prime; module_class=\u00a0\u00bbsection-title-h2&Prime; _builder_version=\u00a0\u00bb4.15&Prime; global_colors_info=\u00a0\u00bb{}\u00a0\u00bb][et_pb_row _builder_version=\u00a0\u00bb4.15&Prime; global_colors_info=\u00a0\u00bb{}\u00a0\u00bb][et_pb_column type=\u00a0\u00bb4_4&Prime; _builder_version=\u00a0\u00bb4.15&Prime; global_colors_info=\u00a0\u00bb{}\u00a0\u00bb][et_pb_text admin_label=\u00a0\u00bbTitre H2 &#8211; Le projet en d\u00e9tails\u00a0\u00bb _builder_version=\u00a0\u00bb4.15&Prime; global_colors_info=\u00a0\u00bb{}\u00a0\u00bb]<\/p>\n<h2>Le projet en d\u00e9tails<\/h2>\n<p>[\/et_pb_text][\/et_pb_column][\/et_pb_row][\/et_pb_section][et_pb_section fb_built=\u00a0\u00bb1&Prime; module_class=\u00a0\u00bbsection-with-bg\u00a0\u00bb _builder_version=\u00a0\u00bb4.15&Prime; global_colors_info=\u00a0\u00bb{}\u00a0\u00bb][et_pb_row column_structure=\u00a0\u00bb3_5,2_5&Prime; _builder_version=\u00a0\u00bb4.15&Prime; global_colors_info=\u00a0\u00bb{}\u00a0\u00bb][et_pb_column type=\u00a0\u00bb3_5&Prime; _builder_version=\u00a0\u00bb4.15&Prime; global_colors_info=\u00a0\u00bb{}\u00a0\u00bb][et_pb_text admin_label=\u00a0\u00bbContexte\u00a0\u00bb _builder_version=\u00a0\u00bb4.15.1&Prime; global_colors_info=\u00a0\u00bb{}\u00a0\u00bb]<\/p>\n<h3>Contexte<\/h3>\n<p>En 2017, la ville de Trois-Rivi\u00e8res a d\u00fb proc\u00e9der \u00e0 des travaux sur la rue Saint-Maurice afin de remplacer les conduites d\u2019eau et d\u2019\u00e9gouts souterraines. Elle profite alors de l\u2019occasion pour r\u00e9tr\u00e9cir l\u2019emprise de la rue afin d\u2019y am\u00e9nager des infrastructures vertes destin\u00e9es \u00e0 la gestion des eaux pluviales.<\/p>\n<p>[\/et_pb_text][et_pb_text admin_label=\u00a0\u00bbB\u00e9n\u00e9fices\u00a0\u00bb module_class=\u00a0\u00bbhighlight\u00a0\u00bb _builder_version=\u00a0\u00bb4.15.1&Prime; hover_enabled=\u00a0\u00bb0&Prime; global_colors_info=\u00a0\u00bb{}\u00a0\u00bb sticky_enabled=\u00a0\u00bb0&Prime;]<\/p>\n<h3>B\u00e9n\u00e9fices<\/h3>\n<ul>\n<li>R\u00e9duction des \u00eelots de chaleur;<\/li>\n<li>Am\u00e9lioration esth\u00e9tiques des am\u00e9nagements;<\/li>\n<li>Recharge de la nappe phr\u00e9atique;<\/li>\n<li>R\u00e9duction des surcharges de r\u00e9seau en aval.<\/li>\n<\/ul>\n<p>[\/et_pb_text][\/et_pb_column][et_pb_column type=\u00a0\u00bb2_5&Prime; _builder_version=\u00a0\u00bb4.15&Prime; global_colors_info=\u00a0\u00bb{}\u00a0\u00bb][et_pb_text admin_label=\u00a0\u00bbChiffres et partenaires\u00a0\u00bb module_class=\u00a0\u00bbsheet-project-data\u00a0\u00bb _builder_version=\u00a0\u00bb4.15.1&Prime; hover_enabled=\u00a0\u00bb0&Prime; global_colors_info=\u00a0\u00bb{}\u00a0\u00bb sticky_enabled=\u00a0\u00bb0&Prime;]<\/p>\n<p class=\"cost\">Co\u00fbt des travaux<\/p>\n<p>6 570 000 $<\/p>\n<p class=\"time\">\u00c9ch\u00e9ancier<\/p>\n<p>1 an<\/p>\n<p class=\"partner\">Partenaires<\/p>\n<ul>\n<li>Ville de Trois-Rivi\u00e8res;<\/li>\n<li>Minist\u00e8re des Affaires municipales et de l&rsquo;Habitation via le fonds pour l&rsquo;eau potable et le traitement des eaux us\u00e9es;<\/li>\n<li>Ouranos.<\/li>\n<\/ul>\n<p>[\/et_pb_text][\/et_pb_column][\/et_pb_row][et_pb_row _builder_version=\u00a0\u00bb4.15.1&Prime; global_colors_info=\u00a0\u00bb{}\u00a0\u00bb][et_pb_column type=\u00a0\u00bb4_4&Prime; _builder_version=\u00a0\u00bb4.15&Prime; global_colors_info=\u00a0\u00bb{}\u00a0\u00bb][et_pb_text admin_label=\u00a0\u00bbParticularit\u00e9s\u00a0\u00bb _builder_version=\u00a0\u00bb4.15.1&Prime; global_colors_info=\u00a0\u00bb{}\u00a0\u00bb]<\/p>\n<h3>Particularit\u00e9s du projet<\/h3>\n<p>En plus d\u2019assurer une gestion durable des eaux de pluie sur la rue Saint-Maurice, le projet a permis d\u2019am\u00e9liorer l\u2019exp\u00e9rience des automobilistes et des pi\u00e9tons en apaisant la circulation, en conservant plusieurs espaces de stationnement, en \u00e9largissant les trottoirs et en am\u00e9nageant des intersections s\u00e9curitaires. La ville de Trois-Rivi\u00e8res s\u2019est \u00e9galement assur\u00e9e de l\u2019acceptabilit\u00e9 sociale du projet en proc\u00e9dant \u00e0 des consultations publiques, en distribuant des d\u00e9pliants d\u2019information aux r\u00e9sidents et en cr\u00e9ant une page web d\u00e9di\u00e9e au projet.<\/p>\n<p>[\/et_pb_text][\/et_pb_column][\/et_pb_row][et_pb_row disabled_on=\u00a0\u00bbon|on|on\u00a0\u00bb _builder_version=\u00a0\u00bb4.15.1&Prime; custom_css_main_element=\u00a0\u00bbpadding-bottom:0;\u00a0\u00bb disabled=\u00a0\u00bbon\u00a0\u00bb global_colors_info=\u00a0\u00bb{}\u00a0\u00bb][et_pb_column type=\u00a0\u00bb4_4&Prime; _builder_version=\u00a0\u00bb4.15&Prime; global_colors_info=\u00a0\u00bb{}\u00a0\u00bb][et_pb_text admin_label=\u00a0\u00bbTitre En images\u00a0\u00bb _builder_version=\u00a0\u00bb4.15&Prime; global_colors_info=\u00a0\u00bb{}\u00a0\u00bb]<\/p>\n<h3>En images<\/h3>\n<p>[\/et_pb_text][\/et_pb_column][\/et_pb_row][et_pb_row column_structure=\u00a0\u00bb1_2,1_2&Prime; disabled_on=\u00a0\u00bbon|on|on\u00a0\u00bb admin_label=\u00a0\u00bbGalerie photos\u00a0\u00bb _builder_version=\u00a0\u00bb4.15.1&Prime; disabled=\u00a0\u00bbon\u00a0\u00bb global_colors_info=\u00a0\u00bb{}\u00a0\u00bb][et_pb_column type=\u00a0\u00bb1_2&Prime; _builder_version=\u00a0\u00bb4.15&Prime; global_colors_info=\u00a0\u00bb{}\u00a0\u00bb][et_pb_gallery fullwidth=\u00a0\u00bbon\u00a0\u00bb admin_label=\u00a0\u00bbGalerie \u00a0\u00bb module_class=\u00a0\u00bbproject-gallery\u00a0\u00bb _builder_version=\u00a0\u00bb4.15.1&Prime; global_colors_info=\u00a0\u00bb{}\u00a0\u00bb][\/et_pb_gallery][et_pb_text admin_label=\u00a0\u00bbl\u00e9gende \u00a0\u00bb module_class=\u00a0\u00bbproject-gallery-caption\u00a0\u00bb _builder_version=\u00a0\u00bb4.15.1&Prime; global_colors_info=\u00a0\u00bb{}\u00a0\u00bb]<\/p>\n<p>\u00c0 venir<\/p>\n<p>[\/et_pb_text][\/et_pb_column][et_pb_column type=\u00a0\u00bb1_2&Prime; _builder_version=\u00a0\u00bb4.15&Prime; global_colors_info=\u00a0\u00bb{}\u00a0\u00bb][et_pb_gallery fullwidth=\u00a0\u00bbon\u00a0\u00bb module_class=\u00a0\u00bbproject-gallery\u00a0\u00bb _builder_version=\u00a0\u00bb4.15.1&Prime; global_colors_info=\u00a0\u00bb{}\u00a0\u00bb][\/et_pb_gallery][et_pb_text admin_label=\u00a0\u00bbl\u00e9gende \u00a0\u00bb module_class=\u00a0\u00bbproject-gallery-caption\u00a0\u00bb _builder_version=\u00a0\u00bb4.15.1&Prime; global_colors_info=\u00a0\u00bb{}\u00a0\u00bb]<\/p>\n<p>\u00c0 venir<\/p>\n<p>[\/et_pb_text][\/et_pb_column][\/et_pb_row][\/et_pb_section][et_pb_section fb_built=\u00a0\u00bb1&Prime; admin_label=\u00a0\u00bbEntete footer\u00a0\u00bb module_class=\u00a0\u00bbfooter-header\u00a0\u00bb _builder_version=\u00a0\u00bb4.0.11&Prime; background_enable_color=\u00a0\u00bboff\u00a0\u00bb global_module=\u00a0\u00bb65&Prime; saved_tabs=\u00a0\u00bball\u00a0\u00bb global_colors_info=\u00a0\u00bb{}\u00a0\u00bb][et_pb_row column_structure=\u00a0\u00bb3_5,2_5&Prime; _builder_version=\u00a0\u00bb4.15&Prime; global_colors_info=\u00a0\u00bb{}\u00a0\u00bb][et_pb_column type=\u00a0\u00bb3_5&Prime; _builder_version=\u00a0\u00bb4.15&Prime; global_colors_info=\u00a0\u00bb{}\u00a0\u00bb][et_pb_text admin_label=\u00a0\u00bbLes architectes du projet\u00a0\u00bb _builder_version=\u00a0\u00bb4.15&Prime; global_colors_info=\u00a0\u00bb{}\u00a0\u00bb]<\/p>\n<h2>Les architectes du projet<\/h2>\n<p>[\/et_pb_text][\/et_pb_column][et_pb_column type=\u00a0\u00bb2_5&Prime; _builder_version=\u00a0\u00bb4.15&Prime; global_colors_info=\u00a0\u00bb{}\u00a0\u00bb][et_pb_text admin_label=\u00a0\u00bbNous contacter\u00a0\u00bb _builder_version=\u00a0\u00bb4.15&Prime; global_colors_info=\u00a0\u00bb{}\u00a0\u00bb]<\/p>\n<h2>Nous contacter<\/h2>\n<p>[\/et_pb_text][\/et_pb_column][\/et_pb_row][\/et_pb_section]<\/p>\n","protected":false},"excerpt":{"rendered":"<p>Le grand projet de la rue Saint-MauriceDescription du projet Le projet s&rsquo;inscrit dans une d\u00e9marche d&rsquo;adaptation aux changements climatiques et vise principalement \u00e0 diminuer la quantit\u00e9 et la vitesse de ruissellement des eaux de surfaces qui s&rsquo;\u00e9coulent vers le r\u00e9seau municipal. Celui-ci implique la r\u00e9duction de la largeur de la rue et la cr\u00e9ation d&rsquo;aires [&hellip;]<\/p>\n","protected":false},"author":2,"featured_media":0,"parent":0,"menu_order":0,"comment_status":"closed","ping_status":"closed","template":"","meta":{"_et_pb_use_builder":"on","_et_pb_old_content":"","_et_gb_content_width":"","footnotes":""},"class_list":["post-978","page","type-page","status-publish","hentry"],"yoast_head":"<!-- This site is optimized with the Yoast SEO plugin v27.4 - https:\/\/yoast.com\/product\/yoast-seo-wordpress\/ -->\n<title>Le grand projet de la rue Saint-Maurice - GDEP - Gestion Des Eaux Pluviales<\/title>\n<meta name=\"robots\" content=\"index, follow, max-snippet:-1, max-image-preview:large, max-video-preview:-1\" \/>\n<link rel=\"canonical\" href=\"https:\/\/robvq.qc.ca\/gdep\/le-grand-projet-de-la-rue-saint-maurice\/\" \/>\n<meta property=\"og:locale\" content=\"fr_FR\" \/>\n<meta property=\"og:type\" content=\"article\" \/>\n<meta property=\"og:title\" content=\"Le grand projet de la rue Saint-Maurice - GDEP - Gestion Des Eaux Pluviales\" \/>\n<meta property=\"og:description\" content=\"Le grand projet de la rue Saint-MauriceDescription du projet Le projet s&#039;inscrit dans une d\u00e9marche d&#039;adaptation aux changements climatiques et vise principalement \u00e0 diminuer la quantit\u00e9 et la vitesse de ruissellement des eaux de surfaces qui s&#039;\u00e9coulent vers le r\u00e9seau municipal. Celui-ci implique la r\u00e9duction de la largeur de la rue et la cr\u00e9ation d&#039;aires [&hellip;]\" \/>\n<meta property=\"og:url\" content=\"https:\/\/robvq.qc.ca\/gdep\/le-grand-projet-de-la-rue-saint-maurice\/\" \/>\n<meta property=\"og:site_name\" content=\"GDEP - Gestion Des Eaux Pluviales\" \/>\n<meta property=\"article:modified_time\" content=\"2022-03-29T17:39:01+00:00\" \/>\n<meta name=\"twitter:card\" content=\"summary_large_image\" \/>\n<meta name=\"twitter:label1\" content=\"Dur\u00e9e de lecture estim\u00e9e\" \/>\n\t<meta name=\"twitter:data1\" content=\"5 minutes\" \/>\n<script type=\"application\/ld+json\" class=\"yoast-schema-graph\">{\"@context\":\"https:\\\/\\\/schema.org\",\"@graph\":[{\"@type\":\"WebPage\",\"@id\":\"https:\\\/\\\/robvq.qc.ca\\\/gdep\\\/le-grand-projet-de-la-rue-saint-maurice\\\/\",\"url\":\"https:\\\/\\\/robvq.qc.ca\\\/gdep\\\/le-grand-projet-de-la-rue-saint-maurice\\\/\",\"name\":\"Le grand projet de la rue Saint-Maurice - GDEP - Gestion Des Eaux Pluviales\",\"isPartOf\":{\"@id\":\"https:\\\/\\\/robvq.qc.ca\\\/gdep\\\/#website\"},\"datePublished\":\"2022-03-26T20:58:35+00:00\",\"dateModified\":\"2022-03-29T17:39:01+00:00\",\"breadcrumb\":{\"@id\":\"https:\\\/\\\/robvq.qc.ca\\\/gdep\\\/le-grand-projet-de-la-rue-saint-maurice\\\/#breadcrumb\"},\"inLanguage\":\"fr-FR\",\"potentialAction\":[{\"@type\":\"ReadAction\",\"target\":[\"https:\\\/\\\/robvq.qc.ca\\\/gdep\\\/le-grand-projet-de-la-rue-saint-maurice\\\/\"]}]},{\"@type\":\"BreadcrumbList\",\"@id\":\"https:\\\/\\\/robvq.qc.ca\\\/gdep\\\/le-grand-projet-de-la-rue-saint-maurice\\\/#breadcrumb\",\"itemListElement\":[{\"@type\":\"ListItem\",\"position\":1,\"name\":\"Accueil\",\"item\":\"https:\\\/\\\/robvq.qc.ca\\\/gdep\\\/\"},{\"@type\":\"ListItem\",\"position\":2,\"name\":\"Le grand projet de la rue Saint-Maurice\"}]},{\"@type\":\"WebSite\",\"@id\":\"https:\\\/\\\/robvq.qc.ca\\\/gdep\\\/#website\",\"url\":\"https:\\\/\\\/robvq.qc.ca\\\/gdep\\\/\",\"name\":\"GDEP - Gestion Des Eaux Pluviales\",\"description\":\"\",\"potentialAction\":[{\"@type\":\"SearchAction\",\"target\":{\"@type\":\"EntryPoint\",\"urlTemplate\":\"https:\\\/\\\/robvq.qc.ca\\\/gdep\\\/?s={search_term_string}\"},\"query-input\":{\"@type\":\"PropertyValueSpecification\",\"valueRequired\":true,\"valueName\":\"search_term_string\"}}],\"inLanguage\":\"fr-FR\"}]}<\/script>\n<!-- \/ Yoast SEO plugin. -->","yoast_head_json":{"title":"Le grand projet de la rue Saint-Maurice - GDEP - Gestion Des Eaux Pluviales","robots":{"index":"index","follow":"follow","max-snippet":"max-snippet:-1","max-image-preview":"max-image-preview:large","max-video-preview":"max-video-preview:-1"},"canonical":"https:\/\/robvq.qc.ca\/gdep\/le-grand-projet-de-la-rue-saint-maurice\/","og_locale":"fr_FR","og_type":"article","og_title":"Le grand projet de la rue Saint-Maurice - GDEP - Gestion Des Eaux Pluviales","og_description":"Le grand projet de la rue Saint-MauriceDescription du projet Le projet s'inscrit dans une d\u00e9marche d'adaptation aux changements climatiques et vise principalement \u00e0 diminuer la quantit\u00e9 et la vitesse de ruissellement des eaux de surfaces qui s'\u00e9coulent vers le r\u00e9seau municipal. Celui-ci implique la r\u00e9duction de la largeur de la rue et la cr\u00e9ation d'aires [&hellip;]","og_url":"https:\/\/robvq.qc.ca\/gdep\/le-grand-projet-de-la-rue-saint-maurice\/","og_site_name":"GDEP - Gestion Des Eaux Pluviales","article_modified_time":"2022-03-29T17:39:01+00:00","twitter_card":"summary_large_image","twitter_misc":{"Dur\u00e9e de lecture estim\u00e9e":"5 minutes"},"schema":{"@context":"https:\/\/schema.org","@graph":[{"@type":"WebPage","@id":"https:\/\/robvq.qc.ca\/gdep\/le-grand-projet-de-la-rue-saint-maurice\/","url":"https:\/\/robvq.qc.ca\/gdep\/le-grand-projet-de-la-rue-saint-maurice\/","name":"Le grand projet de la rue Saint-Maurice - GDEP - Gestion Des Eaux Pluviales","isPartOf":{"@id":"https:\/\/robvq.qc.ca\/gdep\/#website"},"datePublished":"2022-03-26T20:58:35+00:00","dateModified":"2022-03-29T17:39:01+00:00","breadcrumb":{"@id":"https:\/\/robvq.qc.ca\/gdep\/le-grand-projet-de-la-rue-saint-maurice\/#breadcrumb"},"inLanguage":"fr-FR","potentialAction":[{"@type":"ReadAction","target":["https:\/\/robvq.qc.ca\/gdep\/le-grand-projet-de-la-rue-saint-maurice\/"]}]},{"@type":"BreadcrumbList","@id":"https:\/\/robvq.qc.ca\/gdep\/le-grand-projet-de-la-rue-saint-maurice\/#breadcrumb","itemListElement":[{"@type":"ListItem","position":1,"name":"Accueil","item":"https:\/\/robvq.qc.ca\/gdep\/"},{"@type":"ListItem","position":2,"name":"Le grand projet de la rue Saint-Maurice"}]},{"@type":"WebSite","@id":"https:\/\/robvq.qc.ca\/gdep\/#website","url":"https:\/\/robvq.qc.ca\/gdep\/","name":"GDEP - Gestion Des Eaux Pluviales","description":"","potentialAction":[{"@type":"SearchAction","target":{"@type":"EntryPoint","urlTemplate":"https:\/\/robvq.qc.ca\/gdep\/?s={search_term_string}"},"query-input":{"@type":"PropertyValueSpecification","valueRequired":true,"valueName":"search_term_string"}}],"inLanguage":"fr-FR"}]}},"_links":{"self":[{"href":"https:\/\/robvq.qc.ca\/gdep\/wp-json\/wp\/v2\/pages\/978","targetHints":{"allow":["GET"]}}],"collection":[{"href":"https:\/\/robvq.qc.ca\/gdep\/wp-json\/wp\/v2\/pages"}],"about":[{"href":"https:\/\/robvq.qc.ca\/gdep\/wp-json\/wp\/v2\/types\/page"}],"author":[{"embeddable":true,"href":"https:\/\/robvq.qc.ca\/gdep\/wp-json\/wp\/v2\/users\/2"}],"replies":[{"embeddable":true,"href":"https:\/\/robvq.qc.ca\/gdep\/wp-json\/wp\/v2\/comments?post=978"}],"version-history":[{"count":4,"href":"https:\/\/robvq.qc.ca\/gdep\/wp-json\/wp\/v2\/pages\/978\/revisions"}],"predecessor-version":[{"id":1170,"href":"https:\/\/robvq.qc.ca\/gdep\/wp-json\/wp\/v2\/pages\/978\/revisions\/1170"}],"wp:attachment":[{"href":"https:\/\/robvq.qc.ca\/gdep\/wp-json\/wp\/v2\/media?parent=978"}],"curies":[{"name":"wp","href":"https:\/\/api.w.org\/{rel}","templated":true}]}}